{"id":3765,"date":"2020-12-20T09:34:35","date_gmt":"2020-12-20T14:34:35","guid":{"rendered":"https:\/\/lumierenoire.art\/?post_type=match_portfolio&#038;p=3765"},"modified":"2020-12-20T09:35:54","modified_gmt":"2020-12-20T14:35:54","slug":"rocaille","status":"publish","type":"match_portfolio","link":"https:\/\/lumierenoire.art\/en\/portfolio\/rocaille\/","title":{"rendered":"ROCAILLE"},"content":{"rendered":"\t\t<div data-elementor-type=\"wp-post\" data-elementor-id=\"3765\" class=\"elementor elementor-3765\">\n\t\t\t\t\t\t<section class=\"elementor-section elementor-top-section elementor-element elementor-element-48dd0f2 elementor-section-boxed elementor-section-height-default elementor-section-height-default\" data-id=\"48dd0f2\" data-element_type=\"section\">\n\t\t\t\t\t\t<div class=\"elementor-container elementor-column-gap-default\">\n\t\t\t\t\t<div class=\"elementor-column elementor-col-100 elementor-top-column elementor-element elementor-element-e7b6388\" data-id=\"e7b6388\" data-element_type=\"column\">\n\t\t\t<div class=\"elementor-widget-wrap elementor-element-populated\">\n\t\t\t\t\t\t<div class=\"elementor-element elementor-element-eda00f0 elementor-widget elementor-widget-heading\" data-id=\"eda00f0\" data-element_type=\"widget\" data-widget_type=\"heading.default\">\n\t\t\t\t<div class=\"elementor-widget-container\">\n\t\t\t\t\t<h2 class=\"elementor-heading-title elementor-size-default\">\u00ab ROCAILLE \u00bb<\/h2>\t\t\t\t<\/div>\n\t\t\t\t<\/div>\n\t\t\t\t<div class=\"elementor-element elementor-element-c549ba0 elementor-widget elementor-widget-text-editor\" data-id=\"c549ba0\" data-element_type=\"widget\" data-widget_type=\"text-editor.default\">\n\t\t\t\t<div class=\"elementor-widget-container\">\n\t\t\t\t\t\t\t\t\t<p>Chor\u00e9graphie, conception, r\u00e9alisation, montage : Lumi\u00e8re Noire<br \/>Interpr\u00e8te (collaboration chor\u00e9graphique) : Alice Grondin Segal<\/p>\t\t\t\t\t\t\t\t<\/div>\n\t\t\t\t<\/div>\n\t\t\t\t<div class=\"elementor-element elementor-element-9af262f elementor-align-center elementor-widget elementor-widget-button\" data-id=\"9af262f\" data-element_type=\"widget\" data-widget_type=\"button.default\">\n\t\t\t\t<div class=\"elementor-widget-container\">\n\t\t\t\t\t\t\t\t\t<div class=\"elementor-button-wrapper\">\n\t\t\t\t\t<a class=\"elementor-button elementor-button-link elementor-size-xs\" href=\"https:\/\/lumierenoire.art\/portfolio\/entre-images-et-corps\/\">\n\t\t\t\t\t\t<span class=\"elementor-button-content-wrapper\">\n\t\t\t\t\t\t\t\t\t<span class=\"elementor-button-text\">Projet de recherche Entre images et corps<\/span>\n\t\t\t\t\t<\/span>\n\t\t\t\t\t<\/a>\n\t\t\t\t<\/div>\n\t\t\t\t\t\t\t\t<\/div>\n\t\t\t\t<\/div>\n\t\t\t\t\t<\/div>\n\t\t<\/div>\n\t\t\t\t\t<\/div>\n\t\t<\/section>\n\t\t\t\t<section class=\"elementor-section elementor-top-section elementor-element elementor-element-a78aa95 elementor-section-boxed elementor-section-height-default elementor-section-height-default\" data-id=\"a78aa95\" data-element_type=\"section\">\n\t\t\t\t\t\t<div class=\"elementor-container elementor-column-gap-default\">\n\t\t\t\t\t<div class=\"elementor-column elementor-col-100 elementor-top-column elementor-element elementor-element-5ae6392\" data-id=\"5ae6392\" data-element_type=\"column\">\n\t\t\t<div class=\"elementor-widget-wrap elementor-element-populated\">\n\t\t\t\t\t\t<div class=\"elementor-element elementor-element-5923c81 elementor-widget elementor-widget-text-editor\" data-id=\"5923c81\" data-element_type=\"widget\" data-widget_type=\"text-editor.default\">\n\t\t\t\t<div class=\"elementor-widget-container\">\n\t\t\t\t\t\t\t\t\t<p style=\"text-align: center;\">Alors que le saignement de son coeur continue de s\u2019\u00e9taler sur les escaliers du viaduc, elle d\u00e9cida enfin de se retrouver avec cette parcelle d\u2019absence de couleur.<\/p>\n<p style=\"text-align: center;\">Tout dans l\u2019univers peut expliquer la col\u00e8re et la folie de l\u2019\u00eatre humain tandis que seulement tr\u00e8s peu en confirment le contraire. <br>Ce n\u2019est jamais aussi noir qu\u2019on le croit, mais plut\u00f4t aussi gris, froid et dure qu\u2019un mur de b\u00e9ton.<\/p>\t\t\t\t\t\t\t\t<\/div>\n\t\t\t\t<\/div>\n\t\t\t\t\t<\/div>\n\t\t<\/div>\n\t\t\t\t\t<\/div>\n\t\t<\/section>\n\t\t\t\t<section class=\"elementor-section elementor-top-section elementor-element elementor-element-9245799 elementor-section-boxed elementor-section-height-default elementor-section-height-default\" data-id=\"9245799\" data-element_type=\"section\">\n\t\t\t\t\t\t<div class=\"elementor-container elementor-column-gap-default\">\n\t\t\t\t\t<div class=\"elementor-column elementor-col-100 elementor-top-column elementor-element elementor-element-f7f6b51\" data-id=\"f7f6b51\" data-element_type=\"column\">\n\t\t\t<div class=\"elementor-widget-wrap elementor-element-populated\">\n\t\t\t\t\t\t<div class=\"elementor-element elementor-element-992c2cb elementor-widget elementor-widget-video\" data-id=\"992c2cb\" data-element_type=\"widget\" data-settings=\"{&quot;youtube_url&quot;:&quot;https:\\\/\\\/youtu.be\\\/9SnuFtM1GCI&quot;,&quot;yt_privacy&quot;:&quot;yes&quot;,&quot;video_type&quot;:&quot;youtube&quot;,&quot;controls&quot;:&quot;yes&quot;}\" data-widget_type=\"video.default\">\n\t\t\t\t<div class=\"elementor-widget-container\">\n\t\t\t\t\t\t\t<div class=\"elementor-wrapper elementor-open-inline\">\n\t\t\t<div class=\"elementor-video\"><\/div>\t\t<\/div>\n\t\t\t\t\t\t<\/div>\n\t\t\t\t<\/div>\n\t\t\t\t\t<\/div>\n\t\t<\/div>\n\t\t\t\t\t<\/div>\n\t\t<\/section>\n\t\t\t\t<section class=\"elementor-section elementor-top-section elementor-element elementor-element-c6a0fb8 elementor-section-boxed elementor-section-height-default elementor-section-height-default\" data-id=\"c6a0fb8\" data-element_type=\"section\">\n\t\t\t\t\t\t<div class=\"elementor-container elementor-column-gap-default\">\n\t\t\t\t\t<div class=\"elementor-column elementor-col-100 elementor-top-column elementor-element elementor-element-c30cced\" data-id=\"c30cced\" data-element_type=\"column\">\n\t\t\t<div class=\"elementor-widget-wrap elementor-element-populated\">\n\t\t\t\t\t\t<div class=\"elementor-element elementor-element-c58e80f elementor-widget elementor-widget-spacer\" data-id=\"c58e80f\" data-element_type=\"widget\" data-widget_type=\"spacer.default\">\n\t\t\t\t<div class=\"elementor-widget-container\">\n\t\t\t\t\t\t\t<div class=\"elementor-spacer\">\n\t\t\t<div class=\"elementor-spacer-inner\"><\/div>\n\t\t<\/div>\n\t\t\t\t\t\t<\/div>\n\t\t\t\t<\/div>\n\t\t\t\t\t<\/div>\n\t\t<\/div>\n\t\t\t\t\t<\/div>\n\t\t<\/section>\n\t\t\t\t<\/div>\n\t\t","protected":false},"excerpt":{"rendered":"<p>\u00ab ROCAILLE \u00bb Chor\u00e9graphie, conception, r\u00e9alisation, montage : Lumi\u00e8re NoireInterpr\u00e8te (collaboration chor\u00e9graphique) : Alice Grondin Segal Projet de recherche Entre images et corps Alors que le saignement de son coeur continue de s\u2019\u00e9taler sur les escaliers du viaduc, elle d\u00e9cida enfin de se retrouver avec cette parcelle d\u2019absence de couleur&#8230;.<\/p>\n","protected":false},"featured_media":3790,"template":"","section":[],"class_list":["post-3765","match_portfolio","type-match_portfolio","status-publish","has-post-thumbnail","hentry"],"acf":[],"yoast_head":"<!-- This site is optimized with the Yoast SEO plugin v25.4 - https:\/\/yoast.com\/wordpress\/plugins\/seo\/ -->\n<title>Entre images et corps &#8211; ROCAILLE &#8211; Lumi\u00e8re Noire<\/title>\n<meta name=\"description\" content=\"Lumi\u00e8re Noire en collaboration avec l&#039;interpr\u00e8te Alice Grondin Segal. Une vid\u00e9o sur la col\u00e8re de l&#039;\u00eatre.\" \/>\n<meta name=\"robots\" content=\"index, follow, max-snippet:-1, max-image-preview:large, max-video-preview:-1\" \/>\n<link rel=\"canonical\" href=\"https:\/\/lumierenoire.art\/en\/portfolio\/rocaille\/\" \/>\n<meta property=\"og:locale\" content=\"en_US\" \/>\n<meta property=\"og:type\" content=\"article\" \/>\n<meta property=\"og:title\" content=\"Entre images et corps &#8211; ROCAILLE &#8211; Lumi\u00e8re Noire\" \/>\n<meta property=\"og:description\" content=\"Lumi\u00e8re Noire en collaboration avec l&#039;interpr\u00e8te Alice Grondin Segal. Une vid\u00e9o sur la col\u00e8re de l&#039;\u00eatre.\" \/>\n<meta property=\"og:url\" content=\"https:\/\/lumierenoire.art\/en\/portfolio\/rocaille\/\" \/>\n<meta property=\"og:site_name\" content=\"Lumi\u00e8re Noire\" \/>\n<meta property=\"article:publisher\" content=\"https:\/\/www.facebook.com\/lumierenoire.art\" \/>\n<meta property=\"article:modified_time\" content=\"2020-12-20T14:35:54+00:00\" \/>\n<meta property=\"og:image\" content=\"https:\/\/lumierenoire.art\/wp-content\/uploads\/2020\/12\/rocaille-36.jpg\" \/>\n\t<meta property=\"og:image:width\" content=\"1814\" \/>\n\t<meta property=\"og:image:height\" content=\"1209\" \/>\n\t<meta property=\"og:image:type\" content=\"image\/jpeg\" \/>\n<meta name=\"twitter:card\" content=\"summary_large_image\" \/>\n<meta name=\"twitter:label1\" content=\"Est. reading time\" \/>\n\t<meta name=\"twitter:data1\" content=\"1 minute\" \/>\n<script type=\"application\/ld+json\" class=\"yoast-schema-graph\">{\"@context\":\"https:\/\/schema.org\",\"@graph\":[{\"@type\":\"WebPage\",\"@id\":\"https:\/\/lumierenoire.art\/en\/portfolio\/rocaille\/\",\"url\":\"https:\/\/lumierenoire.art\/en\/portfolio\/rocaille\/\",\"name\":\"Entre images et corps &#8211; ROCAILLE &#8211; Lumi\u00e8re Noire\",\"isPartOf\":{\"@id\":\"https:\/\/lumierenoire.art\/en\/#website\"},\"primaryImageOfPage\":{\"@id\":\"https:\/\/lumierenoire.art\/en\/portfolio\/rocaille\/#primaryimage\"},\"image\":{\"@id\":\"https:\/\/lumierenoire.art\/en\/portfolio\/rocaille\/#primaryimage\"},\"thumbnailUrl\":\"https:\/\/lumierenoire.art\/wp-content\/uploads\/2020\/12\/rocaille-36.jpg\",\"datePublished\":\"2020-12-20T14:34:35+00:00\",\"dateModified\":\"2020-12-20T14:35:54+00:00\",\"description\":\"Lumi\u00e8re Noire en collaboration avec l'interpr\u00e8te Alice Grondin Segal. Une vid\u00e9o sur la col\u00e8re de l'\u00eatre.\",\"breadcrumb\":{\"@id\":\"https:\/\/lumierenoire.art\/en\/portfolio\/rocaille\/#breadcrumb\"},\"inLanguage\":\"en-US\",\"potentialAction\":[{\"@type\":\"ReadAction\",\"target\":[\"https:\/\/lumierenoire.art\/en\/portfolio\/rocaille\/\"]}]},{\"@type\":\"ImageObject\",\"inLanguage\":\"en-US\",\"@id\":\"https:\/\/lumierenoire.art\/en\/portfolio\/rocaille\/#primaryimage\",\"url\":\"https:\/\/lumierenoire.art\/wp-content\/uploads\/2020\/12\/rocaille-36.jpg\",\"contentUrl\":\"https:\/\/lumierenoire.art\/wp-content\/uploads\/2020\/12\/rocaille-36.jpg\",\"width\":1814,\"height\":1209},{\"@type\":\"BreadcrumbList\",\"@id\":\"https:\/\/lumierenoire.art\/en\/portfolio\/rocaille\/#breadcrumb\",\"itemListElement\":[{\"@type\":\"ListItem\",\"position\":1,\"name\":\"Accueil\",\"item\":\"https:\/\/lumierenoire.art\/en\/\"},{\"@type\":\"ListItem\",\"position\":2,\"name\":\"ROCAILLE\"}]},{\"@type\":\"WebSite\",\"@id\":\"https:\/\/lumierenoire.art\/en\/#website\",\"url\":\"https:\/\/lumierenoire.art\/en\/\",\"name\":\"Lumi\u00e8re Noire\",\"description\":\"\",\"publisher\":{\"@id\":\"https:\/\/lumierenoire.art\/en\/#\/schema\/person\/56d3556e99074dc55833ced2c59631ad\"},\"potentialAction\":[{\"@type\":\"SearchAction\",\"target\":{\"@type\":\"EntryPoint\",\"urlTemplate\":\"https:\/\/lumierenoire.art\/en\/?s={search_term_string}\"},\"query-input\":{\"@type\":\"PropertyValueSpecification\",\"valueRequired\":true,\"valueName\":\"search_term_string\"}}],\"inLanguage\":\"en-US\"},{\"@type\":[\"Person\",\"Organization\"],\"@id\":\"https:\/\/lumierenoire.art\/en\/#\/schema\/person\/56d3556e99074dc55833ced2c59631ad\",\"name\":\"Tanya Dolbec\",\"image\":{\"@type\":\"ImageObject\",\"inLanguage\":\"en-US\",\"@id\":\"https:\/\/lumierenoire.art\/en\/#\/schema\/person\/image\/\",\"url\":\"https:\/\/lumierenoire.art\/wp-content\/uploads\/2020\/01\/logo_light.png\",\"contentUrl\":\"https:\/\/lumierenoire.art\/wp-content\/uploads\/2020\/01\/logo_light.png\",\"width\":227,\"height\":60,\"caption\":\"Tanya Dolbec\"},\"logo\":{\"@id\":\"https:\/\/lumierenoire.art\/en\/#\/schema\/person\/image\/\"},\"sameAs\":[\"https:\/\/lumierenoire.art\",\"https:\/\/www.facebook.com\/lumierenoire.art\",\"https:\/\/www.instagram.com\/tanyadolbec\/\"]}]}<\/script>\n<!-- \/ Yoast SEO plugin. -->","yoast_head_json":{"title":"Entre images et corps &#8211; ROCAILLE &#8211; Lumi\u00e8re Noire","description":"Lumi\u00e8re Noire en collaboration avec l'interpr\u00e8te Alice Grondin Segal. Une vid\u00e9o sur la col\u00e8re de l'\u00eatre.","robots":{"index":"index","follow":"follow","max-snippet":"max-snippet:-1","max-image-preview":"max-image-preview:large","max-video-preview":"max-video-preview:-1"},"canonical":"https:\/\/lumierenoire.art\/en\/portfolio\/rocaille\/","og_locale":"en_US","og_type":"article","og_title":"Entre images et corps &#8211; ROCAILLE &#8211; Lumi\u00e8re Noire","og_description":"Lumi\u00e8re Noire en collaboration avec l'interpr\u00e8te Alice Grondin Segal. Une vid\u00e9o sur la col\u00e8re de l'\u00eatre.","og_url":"https:\/\/lumierenoire.art\/en\/portfolio\/rocaille\/","og_site_name":"Lumi\u00e8re Noire","article_publisher":"https:\/\/www.facebook.com\/lumierenoire.art","article_modified_time":"2020-12-20T14:35:54+00:00","og_image":[{"width":1814,"height":1209,"url":"https:\/\/lumierenoire.art\/wp-content\/uploads\/2020\/12\/rocaille-36.jpg","type":"image\/jpeg"}],"twitter_card":"summary_large_image","twitter_misc":{"Est. reading time":"1 minute"},"schema":{"@context":"https:\/\/schema.org","@graph":[{"@type":"WebPage","@id":"https:\/\/lumierenoire.art\/en\/portfolio\/rocaille\/","url":"https:\/\/lumierenoire.art\/en\/portfolio\/rocaille\/","name":"Entre images et corps &#8211; ROCAILLE &#8211; Lumi\u00e8re Noire","isPartOf":{"@id":"https:\/\/lumierenoire.art\/en\/#website"},"primaryImageOfPage":{"@id":"https:\/\/lumierenoire.art\/en\/portfolio\/rocaille\/#primaryimage"},"image":{"@id":"https:\/\/lumierenoire.art\/en\/portfolio\/rocaille\/#primaryimage"},"thumbnailUrl":"https:\/\/lumierenoire.art\/wp-content\/uploads\/2020\/12\/rocaille-36.jpg","datePublished":"2020-12-20T14:34:35+00:00","dateModified":"2020-12-20T14:35:54+00:00","description":"Lumi\u00e8re Noire en collaboration avec l'interpr\u00e8te Alice Grondin Segal. Une vid\u00e9o sur la col\u00e8re de l'\u00eatre.","breadcrumb":{"@id":"https:\/\/lumierenoire.art\/en\/portfolio\/rocaille\/#breadcrumb"},"inLanguage":"en-US","potentialAction":[{"@type":"ReadAction","target":["https:\/\/lumierenoire.art\/en\/portfolio\/rocaille\/"]}]},{"@type":"ImageObject","inLanguage":"en-US","@id":"https:\/\/lumierenoire.art\/en\/portfolio\/rocaille\/#primaryimage","url":"https:\/\/lumierenoire.art\/wp-content\/uploads\/2020\/12\/rocaille-36.jpg","contentUrl":"https:\/\/lumierenoire.art\/wp-content\/uploads\/2020\/12\/rocaille-36.jpg","width":1814,"height":1209},{"@type":"BreadcrumbList","@id":"https:\/\/lumierenoire.art\/en\/portfolio\/rocaille\/#breadcrumb","itemListElement":[{"@type":"ListItem","position":1,"name":"Accueil","item":"https:\/\/lumierenoire.art\/en\/"},{"@type":"ListItem","position":2,"name":"ROCAILLE"}]},{"@type":"WebSite","@id":"https:\/\/lumierenoire.art\/en\/#website","url":"https:\/\/lumierenoire.art\/en\/","name":"Lumi\u00e8re Noire","description":"","publisher":{"@id":"https:\/\/lumierenoire.art\/en\/#\/schema\/person\/56d3556e99074dc55833ced2c59631ad"},"potentialAction":[{"@type":"SearchAction","target":{"@type":"EntryPoint","urlTemplate":"https:\/\/lumierenoire.art\/en\/?s={search_term_string}"},"query-input":{"@type":"PropertyValueSpecification","valueRequired":true,"valueName":"search_term_string"}}],"inLanguage":"en-US"},{"@type":["Person","Organization"],"@id":"https:\/\/lumierenoire.art\/en\/#\/schema\/person\/56d3556e99074dc55833ced2c59631ad","name":"Tanya Dolbec","image":{"@type":"ImageObject","inLanguage":"en-US","@id":"https:\/\/lumierenoire.art\/en\/#\/schema\/person\/image\/","url":"https:\/\/lumierenoire.art\/wp-content\/uploads\/2020\/01\/logo_light.png","contentUrl":"https:\/\/lumierenoire.art\/wp-content\/uploads\/2020\/01\/logo_light.png","width":227,"height":60,"caption":"Tanya Dolbec"},"logo":{"@id":"https:\/\/lumierenoire.art\/en\/#\/schema\/person\/image\/"},"sameAs":["https:\/\/lumierenoire.art","https:\/\/www.facebook.com\/lumierenoire.art","https:\/\/www.instagram.com\/tanyadolbec\/"]}]}},"_links":{"self":[{"href":"https:\/\/lumierenoire.art\/en\/wp-json\/wp\/v2\/match_portfolio\/3765","targetHints":{"allow":["GET"]}}],"collection":[{"href":"https:\/\/lumierenoire.art\/en\/wp-json\/wp\/v2\/match_portfolio"}],"about":[{"href":"https:\/\/lumierenoire.art\/en\/wp-json\/wp\/v2\/types\/match_portfolio"}],"version-history":[{"count":0,"href":"https:\/\/lumierenoire.art\/en\/wp-json\/wp\/v2\/match_portfolio\/3765\/revisions"}],"wp:featuredmedia":[{"embeddable":true,"href":"https:\/\/lumierenoire.art\/en\/wp-json\/wp\/v2\/media\/3790"}],"wp:attachment":[{"href":"https:\/\/lumierenoire.art\/en\/wp-json\/wp\/v2\/media?parent=3765"}],"wp:term":[{"taxonomy":"section","embeddable":true,"href":"https:\/\/lumierenoire.art\/en\/wp-json\/wp\/v2\/section?post=3765"}],"curies":[{"name":"wp","href":"https:\/\/api.w.org\/{rel}","templated":true}]}}