{"id":2742,"date":"2020-07-01T13:46:58","date_gmt":"2020-07-01T17:46:58","guid":{"rendered":"https:\/\/lumierenoire.art\/?post_type=match_portfolio&#038;p=2742"},"modified":"2020-07-01T13:56:21","modified_gmt":"2020-07-01T17:56:21","slug":"anima","status":"publish","type":"match_portfolio","link":"https:\/\/lumierenoire.art\/en\/portfolio\/anima\/","title":{"rendered":"ANIMA"},"content":{"rendered":"\t\t<div data-elementor-type=\"wp-post\" data-elementor-id=\"2742\" class=\"elementor elementor-2742\">\n\t\t\t\t\t\t<section class=\"elementor-section elementor-top-section elementor-element elementor-element-48dd0f2 elementor-section-boxed elementor-section-height-default elementor-section-height-default\" data-id=\"48dd0f2\" data-element_type=\"section\">\n\t\t\t\t\t\t<div class=\"elementor-container elementor-column-gap-default\">\n\t\t\t\t\t<div class=\"elementor-column elementor-col-100 elementor-top-column elementor-element elementor-element-e7b6388\" data-id=\"e7b6388\" data-element_type=\"column\">\n\t\t\t<div class=\"elementor-widget-wrap elementor-element-populated\">\n\t\t\t\t\t\t<div class=\"elementor-element elementor-element-eda00f0 elementor-widget elementor-widget-heading\" data-id=\"eda00f0\" data-element_type=\"widget\" data-widget_type=\"heading.default\">\n\t\t\t\t<div class=\"elementor-widget-container\">\n\t\t\t\t\t<h2 class=\"elementor-heading-title elementor-size-default\">\u00ab ANIMA \u00bb<\/h2>\t\t\t\t<\/div>\n\t\t\t\t<\/div>\n\t\t\t\t<div class=\"elementor-element elementor-element-c549ba0 elementor-widget elementor-widget-text-editor\" data-id=\"c549ba0\" data-element_type=\"widget\" data-widget_type=\"text-editor.default\">\n\t\t\t\t<div class=\"elementor-widget-container\">\n\t\t\t\t\t\t\t\t\t<p>Chor\u00e9graphie, conception, r\u00e9alisation, montage visuel et sonore : Lumi\u00e8re Noire<br \/>Interpr\u00e8te (collaboration chor\u00e9graphique) : Pamela Aub\u00e9<\/p>\t\t\t\t\t\t\t\t<\/div>\n\t\t\t\t<\/div>\n\t\t\t\t<div class=\"elementor-element elementor-element-9af262f elementor-align-center elementor-widget elementor-widget-button\" data-id=\"9af262f\" data-element_type=\"widget\" data-widget_type=\"button.default\">\n\t\t\t\t<div class=\"elementor-widget-container\">\n\t\t\t\t\t\t\t\t\t<div class=\"elementor-button-wrapper\">\n\t\t\t\t\t<a class=\"elementor-button elementor-button-link elementor-size-xs\" href=\"https:\/\/lumierenoire.art\/portfolio\/entre-images-et-corps\/\">\n\t\t\t\t\t\t<span class=\"elementor-button-content-wrapper\">\n\t\t\t\t\t\t\t\t\t<span class=\"elementor-button-text\">Projet de recherche Entre images et corps<\/span>\n\t\t\t\t\t<\/span>\n\t\t\t\t\t<\/a>\n\t\t\t\t<\/div>\n\t\t\t\t\t\t\t\t<\/div>\n\t\t\t\t<\/div>\n\t\t\t\t\t<\/div>\n\t\t<\/div>\n\t\t\t\t\t<\/div>\n\t\t<\/section>\n\t\t\t\t<section class=\"elementor-section elementor-top-section elementor-element elementor-element-a78aa95 elementor-section-boxed elementor-section-height-default elementor-section-height-default\" data-id=\"a78aa95\" data-element_type=\"section\">\n\t\t\t\t\t\t<div class=\"elementor-container elementor-column-gap-default\">\n\t\t\t\t\t<div class=\"elementor-column elementor-col-100 elementor-top-column elementor-element elementor-element-5ae6392\" data-id=\"5ae6392\" data-element_type=\"column\">\n\t\t\t<div class=\"elementor-widget-wrap elementor-element-populated\">\n\t\t\t\t\t\t<div class=\"elementor-element elementor-element-5923c81 elementor-widget elementor-widget-text-editor\" data-id=\"5923c81\" data-element_type=\"widget\" data-widget_type=\"text-editor.default\">\n\t\t\t\t<div class=\"elementor-widget-container\">\n\t\t\t\t\t\t\t\t\t<p><em>\u00ab <a href=\"https:\/\/fr.wikipedia.org\/wiki\/Anima\" target=\"_blank\" rel=\"noopener\">ANIMA<\/a> \u00bb est l\u2019inconsciente repr\u00e9sentation f\u00e9minine de l\u2019imaginaire masculin.<\/em><\/p><p>Une notion de double dans un \u00e9change physique et \u00e9motionnel entre deux \u00eatres qui ne formule qu\u2019une \u00e2me. C\u2019est o\u00f9 le moi devient une v\u00e9rit\u00e9 transformante et puissante. Un d\u00e9tachement de l\u2019\u00eatre du trouble psychique permet une purification. Mais seulement, il faut passer par une transformation intol\u00e9rable et incomprise o\u00f9 la solitude r\u00e8gne sur la diff\u00e9rence de chaque goutte d\u2019eau.<\/p>\t\t\t\t\t\t\t\t<\/div>\n\t\t\t\t<\/div>\n\t\t\t\t\t<\/div>\n\t\t<\/div>\n\t\t\t\t\t<\/div>\n\t\t<\/section>\n\t\t\t\t<section class=\"elementor-section elementor-top-section elementor-element elementor-element-9245799 elementor-section-boxed elementor-section-height-default elementor-section-height-default\" data-id=\"9245799\" data-element_type=\"section\">\n\t\t\t\t\t\t<div class=\"elementor-container elementor-column-gap-default\">\n\t\t\t\t\t<div class=\"elementor-column elementor-col-100 elementor-top-column elementor-element elementor-element-f7f6b51\" data-id=\"f7f6b51\" data-element_type=\"column\">\n\t\t\t<div class=\"elementor-widget-wrap elementor-element-populated\">\n\t\t\t\t\t\t<div class=\"elementor-element elementor-element-992c2cb elementor-widget elementor-widget-video\" data-id=\"992c2cb\" data-element_type=\"widget\" data-settings=\"{&quot;youtube_url&quot;:&quot;https:\\\/\\\/youtu.be\\\/JoAUKJuclvc&quot;,&quot;yt_privacy&quot;:&quot;yes&quot;,&quot;video_type&quot;:&quot;youtube&quot;,&quot;controls&quot;:&quot;yes&quot;}\" data-widget_type=\"video.default\">\n\t\t\t\t<div class=\"elementor-widget-container\">\n\t\t\t\t\t\t\t<div class=\"elementor-wrapper elementor-open-inline\">\n\t\t\t<div class=\"elementor-video\"><\/div>\t\t<\/div>\n\t\t\t\t\t\t<\/div>\n\t\t\t\t<\/div>\n\t\t\t\t\t<\/div>\n\t\t<\/div>\n\t\t\t\t\t<\/div>\n\t\t<\/section>\n\t\t\t\t<section class=\"elementor-section elementor-top-section elementor-element elementor-element-c6a0fb8 elementor-section-boxed elementor-section-height-default elementor-section-height-default\" data-id=\"c6a0fb8\" data-element_type=\"section\">\n\t\t\t\t\t\t<div class=\"elementor-container elementor-column-gap-default\">\n\t\t\t\t\t<div class=\"elementor-column elementor-col-100 elementor-top-column elementor-element elementor-element-c30cced\" data-id=\"c30cced\" data-element_type=\"column\">\n\t\t\t<div class=\"elementor-widget-wrap elementor-element-populated\">\n\t\t\t\t\t\t<div class=\"elementor-element elementor-element-c58e80f elementor-widget elementor-widget-spacer\" data-id=\"c58e80f\" data-element_type=\"widget\" data-widget_type=\"spacer.default\">\n\t\t\t\t<div class=\"elementor-widget-container\">\n\t\t\t\t\t\t\t<div class=\"elementor-spacer\">\n\t\t\t<div class=\"elementor-spacer-inner\"><\/div>\n\t\t<\/div>\n\t\t\t\t\t\t<\/div>\n\t\t\t\t<\/div>\n\t\t\t\t\t<\/div>\n\t\t<\/div>\n\t\t\t\t\t<\/div>\n\t\t<\/section>\n\t\t\t\t<\/div>\n\t\t","protected":false},"excerpt":{"rendered":"<p>\u00ab ANIMA \u00bb Chor\u00e9graphie, conception, r\u00e9alisation, montage visuel et sonore : Lumi\u00e8re Noire Interpr\u00e8te (collaboration chor\u00e9graphique) : Pamela Aub\u00e9 Projet de recherche Entre images et corps \u00ab ANIMA \u00bb est l\u2019inconsciente repr\u00e9sentation f\u00e9minine de l\u2019imaginaire masculin. Une notion de double dans un \u00e9change physique et \u00e9motionnel entre deux \u00eatres qui&#8230;<\/p>\n","protected":false},"featured_media":2761,"template":"","section":[],"class_list":["post-2742","match_portfolio","type-match_portfolio","status-publish","has-post-thumbnail","hentry"],"acf":[],"yoast_head":"<!-- This site is optimized with the Yoast SEO plugin v25.4 - https:\/\/yoast.com\/wordpress\/plugins\/seo\/ -->\n<title>Entre images et corps &#8211; ANIMA &#8211; Lumi\u00e8re Noire<\/title>\n<meta name=\"description\" content=\"Cette recherche se base sur des questionnements relev\u00e9s principalement en filmologie dans un dialogue avec la danse contemporaine.\" \/>\n<meta name=\"robots\" content=\"index, follow, max-snippet:-1, max-image-preview:large, max-video-preview:-1\" \/>\n<link rel=\"canonical\" href=\"https:\/\/lumierenoire.art\/en\/portfolio\/anima\/\" \/>\n<meta property=\"og:locale\" content=\"en_US\" \/>\n<meta property=\"og:type\" content=\"article\" \/>\n<meta property=\"og:title\" content=\"Entre images et corps &#8211; ANIMA &#8211; Lumi\u00e8re Noire\" \/>\n<meta property=\"og:description\" content=\"Cette recherche se base sur des questionnements relev\u00e9s principalement en filmologie dans un dialogue avec la danse contemporaine.\" \/>\n<meta property=\"og:url\" content=\"https:\/\/lumierenoire.art\/en\/portfolio\/anima\/\" \/>\n<meta property=\"og:site_name\" content=\"Lumi\u00e8re Noire\" \/>\n<meta property=\"article:publisher\" content=\"https:\/\/www.facebook.com\/lumierenoire.art\" \/>\n<meta property=\"article:modified_time\" content=\"2020-07-01T17:56:21+00:00\" \/>\n<meta property=\"og:image\" content=\"https:\/\/lumierenoire.art\/wp-content\/uploads\/2020\/07\/en_tete_anima_18.jpg\" \/>\n\t<meta property=\"og:image:width\" content=\"1618\" \/>\n\t<meta property=\"og:image:height\" content=\"1079\" \/>\n\t<meta property=\"og:image:type\" content=\"image\/jpeg\" \/>\n<meta name=\"twitter:card\" content=\"summary_large_image\" \/>\n<meta name=\"twitter:label1\" content=\"Est. reading time\" \/>\n\t<meta name=\"twitter:data1\" content=\"1 minute\" \/>\n<script type=\"application\/ld+json\" class=\"yoast-schema-graph\">{\"@context\":\"https:\/\/schema.org\",\"@graph\":[{\"@type\":\"WebPage\",\"@id\":\"https:\/\/lumierenoire.art\/en\/portfolio\/anima\/\",\"url\":\"https:\/\/lumierenoire.art\/en\/portfolio\/anima\/\",\"name\":\"Entre images et corps &#8211; ANIMA &#8211; Lumi\u00e8re Noire\",\"isPartOf\":{\"@id\":\"https:\/\/lumierenoire.art\/en\/#website\"},\"primaryImageOfPage\":{\"@id\":\"https:\/\/lumierenoire.art\/en\/portfolio\/anima\/#primaryimage\"},\"image\":{\"@id\":\"https:\/\/lumierenoire.art\/en\/portfolio\/anima\/#primaryimage\"},\"thumbnailUrl\":\"https:\/\/lumierenoire.art\/wp-content\/uploads\/2020\/07\/en_tete_anima_18.jpg\",\"datePublished\":\"2020-07-01T17:46:58+00:00\",\"dateModified\":\"2020-07-01T17:56:21+00:00\",\"description\":\"Cette recherche se base sur des questionnements relev\u00e9s principalement en filmologie dans un dialogue avec la danse contemporaine.\",\"breadcrumb\":{\"@id\":\"https:\/\/lumierenoire.art\/en\/portfolio\/anima\/#breadcrumb\"},\"inLanguage\":\"en-US\",\"potentialAction\":[{\"@type\":\"ReadAction\",\"target\":[\"https:\/\/lumierenoire.art\/en\/portfolio\/anima\/\"]}]},{\"@type\":\"ImageObject\",\"inLanguage\":\"en-US\",\"@id\":\"https:\/\/lumierenoire.art\/en\/portfolio\/anima\/#primaryimage\",\"url\":\"https:\/\/lumierenoire.art\/wp-content\/uploads\/2020\/07\/en_tete_anima_18.jpg\",\"contentUrl\":\"https:\/\/lumierenoire.art\/wp-content\/uploads\/2020\/07\/en_tete_anima_18.jpg\",\"width\":1618,\"height\":1079},{\"@type\":\"BreadcrumbList\",\"@id\":\"https:\/\/lumierenoire.art\/en\/portfolio\/anima\/#breadcrumb\",\"itemListElement\":[{\"@type\":\"ListItem\",\"position\":1,\"name\":\"Accueil\",\"item\":\"https:\/\/lumierenoire.art\/en\/\"},{\"@type\":\"ListItem\",\"position\":2,\"name\":\"ANIMA\"}]},{\"@type\":\"WebSite\",\"@id\":\"https:\/\/lumierenoire.art\/en\/#website\",\"url\":\"https:\/\/lumierenoire.art\/en\/\",\"name\":\"Lumi\u00e8re Noire\",\"description\":\"\",\"publisher\":{\"@id\":\"https:\/\/lumierenoire.art\/en\/#\/schema\/person\/56d3556e99074dc55833ced2c59631ad\"},\"potentialAction\":[{\"@type\":\"SearchAction\",\"target\":{\"@type\":\"EntryPoint\",\"urlTemplate\":\"https:\/\/lumierenoire.art\/en\/?s={search_term_string}\"},\"query-input\":{\"@type\":\"PropertyValueSpecification\",\"valueRequired\":true,\"valueName\":\"search_term_string\"}}],\"inLanguage\":\"en-US\"},{\"@type\":[\"Person\",\"Organization\"],\"@id\":\"https:\/\/lumierenoire.art\/en\/#\/schema\/person\/56d3556e99074dc55833ced2c59631ad\",\"name\":\"Tanya Dolbec\",\"image\":{\"@type\":\"ImageObject\",\"inLanguage\":\"en-US\",\"@id\":\"https:\/\/lumierenoire.art\/en\/#\/schema\/person\/image\/\",\"url\":\"https:\/\/lumierenoire.art\/wp-content\/uploads\/2020\/01\/logo_light.png\",\"contentUrl\":\"https:\/\/lumierenoire.art\/wp-content\/uploads\/2020\/01\/logo_light.png\",\"width\":227,\"height\":60,\"caption\":\"Tanya Dolbec\"},\"logo\":{\"@id\":\"https:\/\/lumierenoire.art\/en\/#\/schema\/person\/image\/\"},\"sameAs\":[\"https:\/\/lumierenoire.art\",\"https:\/\/www.facebook.com\/lumierenoire.art\",\"https:\/\/www.instagram.com\/tanyadolbec\/\"]}]}<\/script>\n<!-- \/ Yoast SEO plugin. -->","yoast_head_json":{"title":"Entre images et corps &#8211; ANIMA &#8211; Lumi\u00e8re Noire","description":"Cette recherche se base sur des questionnements relev\u00e9s principalement en filmologie dans un dialogue avec la danse contemporaine.","robots":{"index":"index","follow":"follow","max-snippet":"max-snippet:-1","max-image-preview":"max-image-preview:large","max-video-preview":"max-video-preview:-1"},"canonical":"https:\/\/lumierenoire.art\/en\/portfolio\/anima\/","og_locale":"en_US","og_type":"article","og_title":"Entre images et corps &#8211; ANIMA &#8211; Lumi\u00e8re Noire","og_description":"Cette recherche se base sur des questionnements relev\u00e9s principalement en filmologie dans un dialogue avec la danse contemporaine.","og_url":"https:\/\/lumierenoire.art\/en\/portfolio\/anima\/","og_site_name":"Lumi\u00e8re Noire","article_publisher":"https:\/\/www.facebook.com\/lumierenoire.art","article_modified_time":"2020-07-01T17:56:21+00:00","og_image":[{"width":1618,"height":1079,"url":"https:\/\/lumierenoire.art\/wp-content\/uploads\/2020\/07\/en_tete_anima_18.jpg","type":"image\/jpeg"}],"twitter_card":"summary_large_image","twitter_misc":{"Est. reading time":"1 minute"},"schema":{"@context":"https:\/\/schema.org","@graph":[{"@type":"WebPage","@id":"https:\/\/lumierenoire.art\/en\/portfolio\/anima\/","url":"https:\/\/lumierenoire.art\/en\/portfolio\/anima\/","name":"Entre images et corps &#8211; ANIMA &#8211; Lumi\u00e8re Noire","isPartOf":{"@id":"https:\/\/lumierenoire.art\/en\/#website"},"primaryImageOfPage":{"@id":"https:\/\/lumierenoire.art\/en\/portfolio\/anima\/#primaryimage"},"image":{"@id":"https:\/\/lumierenoire.art\/en\/portfolio\/anima\/#primaryimage"},"thumbnailUrl":"https:\/\/lumierenoire.art\/wp-content\/uploads\/2020\/07\/en_tete_anima_18.jpg","datePublished":"2020-07-01T17:46:58+00:00","dateModified":"2020-07-01T17:56:21+00:00","description":"Cette recherche se base sur des questionnements relev\u00e9s principalement en filmologie dans un dialogue avec la danse contemporaine.","breadcrumb":{"@id":"https:\/\/lumierenoire.art\/en\/portfolio\/anima\/#breadcrumb"},"inLanguage":"en-US","potentialAction":[{"@type":"ReadAction","target":["https:\/\/lumierenoire.art\/en\/portfolio\/anima\/"]}]},{"@type":"ImageObject","inLanguage":"en-US","@id":"https:\/\/lumierenoire.art\/en\/portfolio\/anima\/#primaryimage","url":"https:\/\/lumierenoire.art\/wp-content\/uploads\/2020\/07\/en_tete_anima_18.jpg","contentUrl":"https:\/\/lumierenoire.art\/wp-content\/uploads\/2020\/07\/en_tete_anima_18.jpg","width":1618,"height":1079},{"@type":"BreadcrumbList","@id":"https:\/\/lumierenoire.art\/en\/portfolio\/anima\/#breadcrumb","itemListElement":[{"@type":"ListItem","position":1,"name":"Accueil","item":"https:\/\/lumierenoire.art\/en\/"},{"@type":"ListItem","position":2,"name":"ANIMA"}]},{"@type":"WebSite","@id":"https:\/\/lumierenoire.art\/en\/#website","url":"https:\/\/lumierenoire.art\/en\/","name":"Lumi\u00e8re Noire","description":"","publisher":{"@id":"https:\/\/lumierenoire.art\/en\/#\/schema\/person\/56d3556e99074dc55833ced2c59631ad"},"potentialAction":[{"@type":"SearchAction","target":{"@type":"EntryPoint","urlTemplate":"https:\/\/lumierenoire.art\/en\/?s={search_term_string}"},"query-input":{"@type":"PropertyValueSpecification","valueRequired":true,"valueName":"search_term_string"}}],"inLanguage":"en-US"},{"@type":["Person","Organization"],"@id":"https:\/\/lumierenoire.art\/en\/#\/schema\/person\/56d3556e99074dc55833ced2c59631ad","name":"Tanya Dolbec","image":{"@type":"ImageObject","inLanguage":"en-US","@id":"https:\/\/lumierenoire.art\/en\/#\/schema\/person\/image\/","url":"https:\/\/lumierenoire.art\/wp-content\/uploads\/2020\/01\/logo_light.png","contentUrl":"https:\/\/lumierenoire.art\/wp-content\/uploads\/2020\/01\/logo_light.png","width":227,"height":60,"caption":"Tanya Dolbec"},"logo":{"@id":"https:\/\/lumierenoire.art\/en\/#\/schema\/person\/image\/"},"sameAs":["https:\/\/lumierenoire.art","https:\/\/www.facebook.com\/lumierenoire.art","https:\/\/www.instagram.com\/tanyadolbec\/"]}]}},"_links":{"self":[{"href":"https:\/\/lumierenoire.art\/en\/wp-json\/wp\/v2\/match_portfolio\/2742","targetHints":{"allow":["GET"]}}],"collection":[{"href":"https:\/\/lumierenoire.art\/en\/wp-json\/wp\/v2\/match_portfolio"}],"about":[{"href":"https:\/\/lumierenoire.art\/en\/wp-json\/wp\/v2\/types\/match_portfolio"}],"version-history":[{"count":0,"href":"https:\/\/lumierenoire.art\/en\/wp-json\/wp\/v2\/match_portfolio\/2742\/revisions"}],"wp:featuredmedia":[{"embeddable":true,"href":"https:\/\/lumierenoire.art\/en\/wp-json\/wp\/v2\/media\/2761"}],"wp:attachment":[{"href":"https:\/\/lumierenoire.art\/en\/wp-json\/wp\/v2\/media?parent=2742"}],"wp:term":[{"taxonomy":"section","embeddable":true,"href":"https:\/\/lumierenoire.art\/en\/wp-json\/wp\/v2\/section?post=2742"}],"curies":[{"name":"wp","href":"https:\/\/api.w.org\/{rel}","templated":true}]}}