{"id":1379,"date":"2020-03-17T19:34:05","date_gmt":"2020-03-17T23:34:05","guid":{"rendered":"https:\/\/lumierenoire.art\/?post_type=match_portfolio&#038;p=1379"},"modified":"2020-05-24T20:45:19","modified_gmt":"2020-05-25T00:45:19","slug":"interfrequences-phase-2","status":"publish","type":"match_portfolio","link":"https:\/\/lumierenoire.art\/en\/portfolio\/interfrequences-phase-2\/","title":{"rendered":"Interfr\u00e9quences Phase 2"},"content":{"rendered":"\t\t<div data-elementor-type=\"wp-post\" data-elementor-id=\"1379\" class=\"elementor elementor-1379\">\n\t\t\t\t\t\t<section class=\"elementor-section elementor-top-section elementor-element elementor-element-3094395 elementor-section-boxed elementor-section-height-default elementor-section-height-default\" data-id=\"3094395\" data-element_type=\"section\">\n\t\t\t\t\t\t<div class=\"elementor-container elementor-column-gap-default\">\n\t\t\t\t\t<div class=\"elementor-column elementor-col-100 elementor-top-column elementor-element elementor-element-019995c\" data-id=\"019995c\" data-element_type=\"column\">\n\t\t\t<div class=\"elementor-widget-wrap elementor-element-populated\">\n\t\t\t\t\t\t<div class=\"elementor-element elementor-element-19b54c4 elementor-widget elementor-widget-heading\" data-id=\"19b54c4\" data-element_type=\"widget\" data-widget_type=\"heading.default\">\n\t\t\t\t<div class=\"elementor-widget-container\">\n\t\t\t\t\t<h2 class=\"elementor-heading-title elementor-size-default\">\u00ab Nous vivons dans l'Hyper-R\u00e9el, je suis l\u2019Hyper-R\u00e9el \u00bb<\/h2>\t\t\t\t<\/div>\n\t\t\t\t<\/div>\n\t\t\t\t<div class=\"elementor-element elementor-element-cb0cc70 elementor-widget elementor-widget-text-editor\" data-id=\"cb0cc70\" data-element_type=\"widget\" data-widget_type=\"text-editor.default\">\n\t\t\t\t<div class=\"elementor-widget-container\">\n\t\t\t\t\t\t\t\t\t<p><strong>Interpr\u00e8tes <\/strong>: Lila Geneix, Silvia Sanchez, Alexandra Caron et Vicky G\u00e9lineau<\/p>\n<p><strong>Soutien<\/strong> : Le programme d\u2019aide aux artistes en danse dipl\u00f4m\u00e9s de l\u2019UQAM,<br>L\u2019Acad\u00e9mie de danse d\u2019Outremont, Jeunes Volontaires et Caf\u00e9 ORR<\/p>\t\t\t\t\t\t\t\t<\/div>\n\t\t\t\t<\/div>\n\t\t\t\t<div class=\"elementor-element elementor-element-5c6d432 elementor-align-center elementor-widget elementor-widget-button\" data-id=\"5c6d432\" data-element_type=\"widget\" data-widget_type=\"button.default\">\n\t\t\t\t<div class=\"elementor-widget-container\">\n\t\t\t\t\t\t\t\t\t<div class=\"elementor-button-wrapper\">\n\t\t\t\t\t<a class=\"elementor-button elementor-button-link elementor-size-xs\" href=\"https:\/\/lumierenoire.art\/portfolio\/interfrequences\/\">\n\t\t\t\t\t\t<span class=\"elementor-button-content-wrapper\">\n\t\t\t\t\t\t\t\t\t<span class=\"elementor-button-text\">Cliquez-ici pour plus d'informations sur le projet Interfr\u00e9quences<\/span>\n\t\t\t\t\t<\/span>\n\t\t\t\t\t<\/a>\n\t\t\t\t<\/div>\n\t\t\t\t\t\t\t\t<\/div>\n\t\t\t\t<\/div>\n\t\t\t\t\t<\/div>\n\t\t<\/div>\n\t\t\t\t\t<\/div>\n\t\t<\/section>\n\t\t\t\t<section class=\"elementor-section elementor-top-section elementor-element elementor-element-346b533 elementor-section-boxed elementor-section-height-default elementor-section-height-default\" data-id=\"346b533\" data-element_type=\"section\">\n\t\t\t\t\t\t<div class=\"elementor-container elementor-column-gap-default\">\n\t\t\t\t\t<div class=\"elementor-column elementor-col-100 elementor-top-column elementor-element elementor-element-eee9930\" data-id=\"eee9930\" data-element_type=\"column\">\n\t\t\t<div class=\"elementor-widget-wrap elementor-element-populated\">\n\t\t\t\t\t\t<div class=\"elementor-element elementor-element-196bc1f elementor-widget elementor-widget-spacer\" data-id=\"196bc1f\" data-element_type=\"widget\" data-widget_type=\"spacer.default\">\n\t\t\t\t<div class=\"elementor-widget-container\">\n\t\t\t\t\t\t\t<div class=\"elementor-spacer\">\n\t\t\t<div class=\"elementor-spacer-inner\"><\/div>\n\t\t<\/div>\n\t\t\t\t\t\t<\/div>\n\t\t\t\t<\/div>\n\t\t\t\t\t<\/div>\n\t\t<\/div>\n\t\t\t\t\t<\/div>\n\t\t<\/section>\n\t\t\t\t<section class=\"elementor-section elementor-top-section elementor-element elementor-element-affe707 elementor-section-boxed elementor-section-height-default elementor-section-height-default\" data-id=\"affe707\" data-element_type=\"section\">\n\t\t\t\t\t\t<div class=\"elementor-container elementor-column-gap-default\">\n\t\t\t\t\t<div class=\"elementor-column elementor-col-50 elementor-top-column elementor-element elementor-element-ecec25e\" data-id=\"ecec25e\" data-element_type=\"column\">\n\t\t\t<div class=\"elementor-widget-wrap elementor-element-populated\">\n\t\t\t\t\t\t<div class=\"elementor-element elementor-element-cc8c6da elementor-widget elementor-widget-heading\" data-id=\"cc8c6da\" data-element_type=\"widget\" data-widget_type=\"heading.default\">\n\t\t\t\t<div class=\"elementor-widget-container\">\n\t\t\t\t\t<h3 class=\"elementor-heading-title elementor-size-default\">Alexandra Caron<\/h3>\t\t\t\t<\/div>\n\t\t\t\t<\/div>\n\t\t\t\t<div class=\"elementor-element elementor-element-7dd9993 elementor-widget elementor-widget-video\" data-id=\"7dd9993\" data-element_type=\"widget\" data-settings=\"{&quot;youtube_url&quot;:&quot;https:\\\/\\\/www.youtube.com\\\/watch?v=FDJ4cI1vWPs&quot;,&quot;yt_privacy&quot;:&quot;yes&quot;,&quot;video_type&quot;:&quot;youtube&quot;,&quot;controls&quot;:&quot;yes&quot;}\" data-widget_type=\"video.default\">\n\t\t\t\t<div class=\"elementor-widget-container\">\n\t\t\t\t\t\t\t<div class=\"elementor-wrapper elementor-open-inline\">\n\t\t\t<div class=\"elementor-video\"><\/div>\t\t<\/div>\n\t\t\t\t\t\t<\/div>\n\t\t\t\t<\/div>\n\t\t\t\t\t<\/div>\n\t\t<\/div>\n\t\t\t\t<div class=\"elementor-column elementor-col-50 elementor-top-column elementor-element elementor-element-fd4c7a7\" data-id=\"fd4c7a7\" data-element_type=\"column\">\n\t\t\t<div class=\"elementor-widget-wrap elementor-element-populated\">\n\t\t\t\t\t\t<div class=\"elementor-element elementor-element-3f37fd8 elementor-widget elementor-widget-heading\" data-id=\"3f37fd8\" data-element_type=\"widget\" data-widget_type=\"heading.default\">\n\t\t\t\t<div class=\"elementor-widget-container\">\n\t\t\t\t\t<h3 class=\"elementor-heading-title elementor-size-default\">Silvia Sanchez<\/h3>\t\t\t\t<\/div>\n\t\t\t\t<\/div>\n\t\t\t\t<div class=\"elementor-element elementor-element-b97aa32 elementor-widget elementor-widget-video\" data-id=\"b97aa32\" data-element_type=\"widget\" data-settings=\"{&quot;youtube_url&quot;:&quot;https:\\\/\\\/www.youtube.com\\\/watch?v=lkUdRHI9LcE&quot;,&quot;yt_privacy&quot;:&quot;yes&quot;,&quot;video_type&quot;:&quot;youtube&quot;,&quot;controls&quot;:&quot;yes&quot;}\" data-widget_type=\"video.default\">\n\t\t\t\t<div class=\"elementor-widget-container\">\n\t\t\t\t\t\t\t<div class=\"elementor-wrapper elementor-open-inline\">\n\t\t\t<div class=\"elementor-video\"><\/div>\t\t<\/div>\n\t\t\t\t\t\t<\/div>\n\t\t\t\t<\/div>\n\t\t\t\t\t<\/div>\n\t\t<\/div>\n\t\t\t\t\t<\/div>\n\t\t<\/section>\n\t\t\t\t<section class=\"elementor-section elementor-top-section elementor-element elementor-element-f72a098 elementor-section-boxed elementor-section-height-default elementor-section-height-default\" data-id=\"f72a098\" data-element_type=\"section\">\n\t\t\t\t\t\t<div class=\"elementor-container elementor-column-gap-default\">\n\t\t\t\t\t<div class=\"elementor-column elementor-col-100 elementor-top-column elementor-element elementor-element-c7fa404\" data-id=\"c7fa404\" data-element_type=\"column\">\n\t\t\t<div class=\"elementor-widget-wrap elementor-element-populated\">\n\t\t\t\t\t\t<div class=\"elementor-element elementor-element-9c3bcf2 elementor-widget elementor-widget-spacer\" data-id=\"9c3bcf2\" data-element_type=\"widget\" data-widget_type=\"spacer.default\">\n\t\t\t\t<div class=\"elementor-widget-container\">\n\t\t\t\t\t\t\t<div class=\"elementor-spacer\">\n\t\t\t<div class=\"elementor-spacer-inner\"><\/div>\n\t\t<\/div>\n\t\t\t\t\t\t<\/div>\n\t\t\t\t<\/div>\n\t\t\t\t\t<\/div>\n\t\t<\/div>\n\t\t\t\t\t<\/div>\n\t\t<\/section>\n\t\t\t\t<\/div>\n\t\t","protected":false},"excerpt":{"rendered":"<p>\u00ab Nous vivons dans l&#8217;Hyper-R\u00e9el, je suis l\u2019Hyper-R\u00e9el \u00bb Interpr\u00e8tes : Lila Geneix, Silvia Sanchez, Alexandra Caron et Vicky G\u00e9lineau Soutien : Le programme d\u2019aide aux artistes en danse dipl\u00f4m\u00e9s de l\u2019UQAM, L\u2019Acad\u00e9mie de danse d\u2019Outremont, Jeunes Volontaires et Caf\u00e9 ORR Cliquez-ici pour plus d&#8217;informations sur le projet Interfr\u00e9quences Alexandra&#8230;<\/p>\n","protected":false},"featured_media":1895,"template":"","section":[38,36],"class_list":["post-1379","match_portfolio","type-match_portfolio","status-publish","has-post-thumbnail","hentry","section-home","section-photos"],"acf":[],"yoast_head":"<!-- This site is optimized with the Yoast SEO plugin v25.4 - https:\/\/yoast.com\/wordpress\/plugins\/seo\/ -->\n<title>Soir\u00e9e de performance Interfr\u00e9quences Phase 2 &#8211; Lumi\u00e8re Noire<\/title>\n<meta name=\"description\" content=\"Performance Interfr\u00e9quences Phase 2 de Lumi\u00e8re Noire mettant en vedette les interpr\u00e8tes : Lila Geneix, Silvia Sanchez, Alexandra Caron et Vicky G\u00e9lineau\" \/>\n<meta name=\"robots\" content=\"index, follow, max-snippet:-1, max-image-preview:large, max-video-preview:-1\" \/>\n<link rel=\"canonical\" href=\"https:\/\/lumierenoire.art\/en\/portfolio\/interfrequences-phase-2\/\" \/>\n<meta property=\"og:locale\" content=\"en_US\" \/>\n<meta property=\"og:type\" content=\"article\" \/>\n<meta property=\"og:title\" content=\"Soir\u00e9e de performance Interfr\u00e9quences Phase 2 &#8211; Lumi\u00e8re Noire\" \/>\n<meta property=\"og:description\" content=\"Performance Interfr\u00e9quences Phase 2 de Lumi\u00e8re Noire mettant en vedette les interpr\u00e8tes : Lila Geneix, Silvia Sanchez, Alexandra Caron et Vicky G\u00e9lineau\" \/>\n<meta property=\"og:url\" content=\"https:\/\/lumierenoire.art\/en\/portfolio\/interfrequences-phase-2\/\" \/>\n<meta property=\"og:site_name\" content=\"Lumi\u00e8re Noire\" \/>\n<meta property=\"article:publisher\" content=\"https:\/\/www.facebook.com\/lumierenoire.art\" \/>\n<meta property=\"article:modified_time\" content=\"2020-05-25T00:45:19+00:00\" \/>\n<meta property=\"og:image\" content=\"https:\/\/lumierenoire.art\/wp-content\/uploads\/2020\/03\/EN-TETE_INTERFREQUENCES.jpg\" \/>\n\t<meta property=\"og:image:width\" content=\"1620\" \/>\n\t<meta property=\"og:image:height\" content=\"1080\" \/>\n\t<meta property=\"og:image:type\" content=\"image\/jpeg\" \/>\n<meta name=\"twitter:card\" content=\"summary_large_image\" \/>\n<script type=\"application\/ld+json\" class=\"yoast-schema-graph\">{\"@context\":\"https:\/\/schema.org\",\"@graph\":[{\"@type\":\"WebPage\",\"@id\":\"https:\/\/lumierenoire.art\/en\/portfolio\/interfrequences-phase-2\/\",\"url\":\"https:\/\/lumierenoire.art\/en\/portfolio\/interfrequences-phase-2\/\",\"name\":\"Soir\u00e9e de performance Interfr\u00e9quences Phase 2 &#8211; Lumi\u00e8re Noire\",\"isPartOf\":{\"@id\":\"https:\/\/lumierenoire.art\/en\/#website\"},\"primaryImageOfPage\":{\"@id\":\"https:\/\/lumierenoire.art\/en\/portfolio\/interfrequences-phase-2\/#primaryimage\"},\"image\":{\"@id\":\"https:\/\/lumierenoire.art\/en\/portfolio\/interfrequences-phase-2\/#primaryimage\"},\"thumbnailUrl\":\"https:\/\/lumierenoire.art\/wp-content\/uploads\/2020\/03\/EN-TETE_INTERFREQUENCES.jpg\",\"datePublished\":\"2020-03-17T23:34:05+00:00\",\"dateModified\":\"2020-05-25T00:45:19+00:00\",\"description\":\"Performance Interfr\u00e9quences Phase 2 de Lumi\u00e8re Noire mettant en vedette les interpr\u00e8tes : Lila Geneix, Silvia Sanchez, Alexandra Caron et Vicky G\u00e9lineau\",\"breadcrumb\":{\"@id\":\"https:\/\/lumierenoire.art\/en\/portfolio\/interfrequences-phase-2\/#breadcrumb\"},\"inLanguage\":\"en-US\",\"potentialAction\":[{\"@type\":\"ReadAction\",\"target\":[\"https:\/\/lumierenoire.art\/en\/portfolio\/interfrequences-phase-2\/\"]}]},{\"@type\":\"ImageObject\",\"inLanguage\":\"en-US\",\"@id\":\"https:\/\/lumierenoire.art\/en\/portfolio\/interfrequences-phase-2\/#primaryimage\",\"url\":\"https:\/\/lumierenoire.art\/wp-content\/uploads\/2020\/03\/EN-TETE_INTERFREQUENCES.jpg\",\"contentUrl\":\"https:\/\/lumierenoire.art\/wp-content\/uploads\/2020\/03\/EN-TETE_INTERFREQUENCES.jpg\",\"width\":1620,\"height\":1080},{\"@type\":\"BreadcrumbList\",\"@id\":\"https:\/\/lumierenoire.art\/en\/portfolio\/interfrequences-phase-2\/#breadcrumb\",\"itemListElement\":[{\"@type\":\"ListItem\",\"position\":1,\"name\":\"Accueil\",\"item\":\"https:\/\/lumierenoire.art\/en\/\"},{\"@type\":\"ListItem\",\"position\":2,\"name\":\"Interfr\u00e9quences Phase 2\"}]},{\"@type\":\"WebSite\",\"@id\":\"https:\/\/lumierenoire.art\/en\/#website\",\"url\":\"https:\/\/lumierenoire.art\/en\/\",\"name\":\"Lumi\u00e8re Noire\",\"description\":\"\",\"publisher\":{\"@id\":\"https:\/\/lumierenoire.art\/en\/#\/schema\/person\/56d3556e99074dc55833ced2c59631ad\"},\"potentialAction\":[{\"@type\":\"SearchAction\",\"target\":{\"@type\":\"EntryPoint\",\"urlTemplate\":\"https:\/\/lumierenoire.art\/en\/?s={search_term_string}\"},\"query-input\":{\"@type\":\"PropertyValueSpecification\",\"valueRequired\":true,\"valueName\":\"search_term_string\"}}],\"inLanguage\":\"en-US\"},{\"@type\":[\"Person\",\"Organization\"],\"@id\":\"https:\/\/lumierenoire.art\/en\/#\/schema\/person\/56d3556e99074dc55833ced2c59631ad\",\"name\":\"Tanya Dolbec\",\"image\":{\"@type\":\"ImageObject\",\"inLanguage\":\"en-US\",\"@id\":\"https:\/\/lumierenoire.art\/en\/#\/schema\/person\/image\/\",\"url\":\"https:\/\/lumierenoire.art\/wp-content\/uploads\/2020\/01\/logo_light.png\",\"contentUrl\":\"https:\/\/lumierenoire.art\/wp-content\/uploads\/2020\/01\/logo_light.png\",\"width\":227,\"height\":60,\"caption\":\"Tanya Dolbec\"},\"logo\":{\"@id\":\"https:\/\/lumierenoire.art\/en\/#\/schema\/person\/image\/\"},\"sameAs\":[\"https:\/\/lumierenoire.art\",\"https:\/\/www.facebook.com\/lumierenoire.art\",\"https:\/\/www.instagram.com\/tanyadolbec\/\"]}]}<\/script>\n<!-- \/ Yoast SEO plugin. -->","yoast_head_json":{"title":"Soir\u00e9e de performance Interfr\u00e9quences Phase 2 &#8211; Lumi\u00e8re Noire","description":"Performance Interfr\u00e9quences Phase 2 de Lumi\u00e8re Noire mettant en vedette les interpr\u00e8tes : Lila Geneix, Silvia Sanchez, Alexandra Caron et Vicky G\u00e9lineau","robots":{"index":"index","follow":"follow","max-snippet":"max-snippet:-1","max-image-preview":"max-image-preview:large","max-video-preview":"max-video-preview:-1"},"canonical":"https:\/\/lumierenoire.art\/en\/portfolio\/interfrequences-phase-2\/","og_locale":"en_US","og_type":"article","og_title":"Soir\u00e9e de performance Interfr\u00e9quences Phase 2 &#8211; Lumi\u00e8re Noire","og_description":"Performance Interfr\u00e9quences Phase 2 de Lumi\u00e8re Noire mettant en vedette les interpr\u00e8tes : Lila Geneix, Silvia Sanchez, Alexandra Caron et Vicky G\u00e9lineau","og_url":"https:\/\/lumierenoire.art\/en\/portfolio\/interfrequences-phase-2\/","og_site_name":"Lumi\u00e8re Noire","article_publisher":"https:\/\/www.facebook.com\/lumierenoire.art","article_modified_time":"2020-05-25T00:45:19+00:00","og_image":[{"width":1620,"height":1080,"url":"https:\/\/lumierenoire.art\/wp-content\/uploads\/2020\/03\/EN-TETE_INTERFREQUENCES.jpg","type":"image\/jpeg"}],"twitter_card":"summary_large_image","schema":{"@context":"https:\/\/schema.org","@graph":[{"@type":"WebPage","@id":"https:\/\/lumierenoire.art\/en\/portfolio\/interfrequences-phase-2\/","url":"https:\/\/lumierenoire.art\/en\/portfolio\/interfrequences-phase-2\/","name":"Soir\u00e9e de performance Interfr\u00e9quences Phase 2 &#8211; Lumi\u00e8re Noire","isPartOf":{"@id":"https:\/\/lumierenoire.art\/en\/#website"},"primaryImageOfPage":{"@id":"https:\/\/lumierenoire.art\/en\/portfolio\/interfrequences-phase-2\/#primaryimage"},"image":{"@id":"https:\/\/lumierenoire.art\/en\/portfolio\/interfrequences-phase-2\/#primaryimage"},"thumbnailUrl":"https:\/\/lumierenoire.art\/wp-content\/uploads\/2020\/03\/EN-TETE_INTERFREQUENCES.jpg","datePublished":"2020-03-17T23:34:05+00:00","dateModified":"2020-05-25T00:45:19+00:00","description":"Performance Interfr\u00e9quences Phase 2 de Lumi\u00e8re Noire mettant en vedette les interpr\u00e8tes : Lila Geneix, Silvia Sanchez, Alexandra Caron et Vicky G\u00e9lineau","breadcrumb":{"@id":"https:\/\/lumierenoire.art\/en\/portfolio\/interfrequences-phase-2\/#breadcrumb"},"inLanguage":"en-US","potentialAction":[{"@type":"ReadAction","target":["https:\/\/lumierenoire.art\/en\/portfolio\/interfrequences-phase-2\/"]}]},{"@type":"ImageObject","inLanguage":"en-US","@id":"https:\/\/lumierenoire.art\/en\/portfolio\/interfrequences-phase-2\/#primaryimage","url":"https:\/\/lumierenoire.art\/wp-content\/uploads\/2020\/03\/EN-TETE_INTERFREQUENCES.jpg","contentUrl":"https:\/\/lumierenoire.art\/wp-content\/uploads\/2020\/03\/EN-TETE_INTERFREQUENCES.jpg","width":1620,"height":1080},{"@type":"BreadcrumbList","@id":"https:\/\/lumierenoire.art\/en\/portfolio\/interfrequences-phase-2\/#breadcrumb","itemListElement":[{"@type":"ListItem","position":1,"name":"Accueil","item":"https:\/\/lumierenoire.art\/en\/"},{"@type":"ListItem","position":2,"name":"Interfr\u00e9quences Phase 2"}]},{"@type":"WebSite","@id":"https:\/\/lumierenoire.art\/en\/#website","url":"https:\/\/lumierenoire.art\/en\/","name":"Lumi\u00e8re Noire","description":"","publisher":{"@id":"https:\/\/lumierenoire.art\/en\/#\/schema\/person\/56d3556e99074dc55833ced2c59631ad"},"potentialAction":[{"@type":"SearchAction","target":{"@type":"EntryPoint","urlTemplate":"https:\/\/lumierenoire.art\/en\/?s={search_term_string}"},"query-input":{"@type":"PropertyValueSpecification","valueRequired":true,"valueName":"search_term_string"}}],"inLanguage":"en-US"},{"@type":["Person","Organization"],"@id":"https:\/\/lumierenoire.art\/en\/#\/schema\/person\/56d3556e99074dc55833ced2c59631ad","name":"Tanya Dolbec","image":{"@type":"ImageObject","inLanguage":"en-US","@id":"https:\/\/lumierenoire.art\/en\/#\/schema\/person\/image\/","url":"https:\/\/lumierenoire.art\/wp-content\/uploads\/2020\/01\/logo_light.png","contentUrl":"https:\/\/lumierenoire.art\/wp-content\/uploads\/2020\/01\/logo_light.png","width":227,"height":60,"caption":"Tanya Dolbec"},"logo":{"@id":"https:\/\/lumierenoire.art\/en\/#\/schema\/person\/image\/"},"sameAs":["https:\/\/lumierenoire.art","https:\/\/www.facebook.com\/lumierenoire.art","https:\/\/www.instagram.com\/tanyadolbec\/"]}]}},"_links":{"self":[{"href":"https:\/\/lumierenoire.art\/en\/wp-json\/wp\/v2\/match_portfolio\/1379","targetHints":{"allow":["GET"]}}],"collection":[{"href":"https:\/\/lumierenoire.art\/en\/wp-json\/wp\/v2\/match_portfolio"}],"about":[{"href":"https:\/\/lumierenoire.art\/en\/wp-json\/wp\/v2\/types\/match_portfolio"}],"version-history":[{"count":0,"href":"https:\/\/lumierenoire.art\/en\/wp-json\/wp\/v2\/match_portfolio\/1379\/revisions"}],"wp:featuredmedia":[{"embeddable":true,"href":"https:\/\/lumierenoire.art\/en\/wp-json\/wp\/v2\/media\/1895"}],"wp:attachment":[{"href":"https:\/\/lumierenoire.art\/en\/wp-json\/wp\/v2\/media?parent=1379"}],"wp:term":[{"taxonomy":"section","embeddable":true,"href":"https:\/\/lumierenoire.art\/en\/wp-json\/wp\/v2\/section?post=1379"}],"curies":[{"name":"wp","href":"https:\/\/api.w.org\/{rel}","templated":true}]}}