{"id":1333,"date":"2020-02-09T16:21:55","date_gmt":"2020-02-09T21:21:55","guid":{"rendered":"https:\/\/lumierenoire.art\/?post_type=match_portfolio&#038;p=1333"},"modified":"2021-08-31T15:19:37","modified_gmt":"2021-08-31T19:19:37","slug":"entends-tu-cela-photos","status":"publish","type":"match_portfolio","link":"https:\/\/lumierenoire.art\/en\/portfolio\/entends-tu-cela-photos\/","title":{"rendered":"Entends-tu cela ?"},"content":{"rendered":"\t\t<div data-elementor-type=\"wp-post\" data-elementor-id=\"1333\" class=\"elementor elementor-1333\">\n\t\t\t\t\t\t<section class=\"elementor-section elementor-top-section elementor-element elementor-element-3cc2ff5 elementor-section-boxed elementor-section-height-default elementor-section-height-default\" data-id=\"3cc2ff5\" data-element_type=\"section\">\n\t\t\t\t\t\t<div class=\"elementor-container elementor-column-gap-default\">\n\t\t\t\t\t<div class=\"elementor-column elementor-col-100 elementor-top-column elementor-element elementor-element-48df90a9\" data-id=\"48df90a9\" data-element_type=\"column\">\n\t\t\t<div class=\"elementor-widget-wrap elementor-element-populated\">\n\t\t\t\t\t\t<div class=\"elementor-element elementor-element-6aef5577 elementor-widget elementor-widget-heading\" data-id=\"6aef5577\" data-element_type=\"widget\" data-widget_type=\"heading.default\">\n\t\t\t\t<div class=\"elementor-widget-container\">\n\t\t\t\t\t<h2 class=\"elementor-heading-title elementor-size-default\">\u00ab Un beau matin la lumi\u00e8re passait \u00e0 travers la fen\u00eatre... \u00bb<\/h2>\t\t\t\t<\/div>\n\t\t\t\t<\/div>\n\t\t\t\t<div class=\"elementor-element elementor-element-1a0a72c6 elementor-widget elementor-widget-text-editor\" data-id=\"1a0a72c6\" data-element_type=\"widget\" data-widget_type=\"text-editor.default\">\n\t\t\t\t<div class=\"elementor-widget-container\">\n\t\t\t\t\t\t\t\t\t<p><b>Collaboration artistique<\/b> : Alexandra Caron<br><b>Soutien<\/b> : St\u00e9phane Lachapelle, Diane Charbonneau et Jeunes Volontaires<em> <\/em><\/p>\t\t\t\t\t\t\t\t<\/div>\n\t\t\t\t<\/div>\n\t\t\t\t<div class=\"elementor-element elementor-element-857f18f elementor-align-center elementor-widget elementor-widget-button\" data-id=\"857f18f\" data-element_type=\"widget\" data-widget_type=\"button.default\">\n\t\t\t\t<div class=\"elementor-widget-container\">\n\t\t\t\t\t\t\t\t\t<div class=\"elementor-button-wrapper\">\n\t\t\t\t\t<a class=\"elementor-button elementor-button-link elementor-size-xs\" href=\"https:\/\/lumierenoire.art\/portfolio\/entends-tu-cela-projet\/\">\n\t\t\t\t\t\t<span class=\"elementor-button-content-wrapper\">\n\t\t\t\t\t\t<span class=\"elementor-button-icon\">\n\t\t\t\t<i aria-hidden=\"true\" class=\"fas fa-info-circle\"><\/i>\t\t\t<\/span>\n\t\t\t\t\t\t\t\t\t<span class=\"elementor-button-text\">Cliquez-ici pour en savoir plus sur le projet<\/span>\n\t\t\t\t\t<\/span>\n\t\t\t\t\t<\/a>\n\t\t\t\t<\/div>\n\t\t\t\t\t\t\t\t<\/div>\n\t\t\t\t<\/div>\n\t\t\t\t\t<\/div>\n\t\t<\/div>\n\t\t\t\t\t<\/div>\n\t\t<\/section>\n\t\t\t\t<section class=\"elementor-section elementor-top-section elementor-element elementor-element-53ec25cd elementor-section-boxed elementor-section-height-default elementor-section-height-default\" data-id=\"53ec25cd\" data-element_type=\"section\">\n\t\t\t\t\t\t<div class=\"elementor-container elementor-column-gap-default\">\n\t\t\t\t\t<div class=\"elementor-column elementor-col-100 elementor-top-column elementor-element elementor-element-7d0b9982\" data-id=\"7d0b9982\" data-element_type=\"column\">\n\t\t\t<div class=\"elementor-widget-wrap elementor-element-populated\">\n\t\t\t\t\t\t<div class=\"elementor-element elementor-element-48ecc85e elementor-widget elementor-widget-spacer\" data-id=\"48ecc85e\" data-element_type=\"widget\" data-widget_type=\"spacer.default\">\n\t\t\t\t<div class=\"elementor-widget-container\">\n\t\t\t\t\t\t\t<div class=\"elementor-spacer\">\n\t\t\t<div class=\"elementor-spacer-inner\"><\/div>\n\t\t<\/div>\n\t\t\t\t\t\t<\/div>\n\t\t\t\t<\/div>\n\t\t\t\t\t<\/div>\n\t\t<\/div>\n\t\t\t\t\t<\/div>\n\t\t<\/section>\n\t\t\t\t<\/div>\n\t\t","protected":false},"excerpt":{"rendered":"<p>\u00ab Un beau matin la lumi\u00e8re passait \u00e0 travers la fen\u00eatre&#8230; \u00bb Collaboration artistique : Alexandra Caron Soutien : St\u00e9phane Lachapelle, Diane Charbonneau et Jeunes Volontaires Cliquez-ici pour en savoir plus sur le projet<\/p>\n","protected":false},"featured_media":1191,"template":"","section":[36],"class_list":["post-1333","match_portfolio","type-match_portfolio","status-publish","has-post-thumbnail","hentry","section-photos"],"acf":[],"yoast_head":"<!-- This site is optimized with the Yoast SEO plugin v25.4 - https:\/\/yoast.com\/wordpress\/plugins\/seo\/ -->\n<title>Entends-tu cela ? &#8211; Lumi\u00e8re Noire<\/title>\n<meta name=\"description\" content=\"Album photos de Lumi\u00e8re Noire inspir\u00e9 de la th\u00e9orie de l&#039;inqui\u00e9tante \u00e9tranget\u00e9. Collaboration artistique : Alexandra Caron.\" \/>\n<meta name=\"robots\" content=\"index, follow, max-snippet:-1, max-image-preview:large, max-video-preview:-1\" \/>\n<link rel=\"canonical\" href=\"https:\/\/lumierenoire.art\/en\/portfolio\/entends-tu-cela-photos\/\" \/>\n<meta property=\"og:locale\" content=\"en_US\" \/>\n<meta property=\"og:type\" content=\"article\" \/>\n<meta property=\"og:title\" content=\"Entends-tu cela ? &#8211; Lumi\u00e8re Noire\" \/>\n<meta property=\"og:description\" content=\"Album photos de Lumi\u00e8re Noire inspir\u00e9 de la th\u00e9orie de l&#039;inqui\u00e9tante \u00e9tranget\u00e9. Collaboration artistique : Alexandra Caron.\" \/>\n<meta property=\"og:url\" content=\"https:\/\/lumierenoire.art\/en\/portfolio\/entends-tu-cela-photos\/\" \/>\n<meta property=\"og:site_name\" content=\"Lumi\u00e8re Noire\" \/>\n<meta property=\"article:publisher\" content=\"https:\/\/www.facebook.com\/lumierenoire.art\" \/>\n<meta property=\"article:modified_time\" content=\"2021-08-31T19:19:37+00:00\" \/>\n<meta property=\"og:image\" content=\"https:\/\/lumierenoire.art\/wp-content\/uploads\/2020\/01\/header_do_you_hear_that.jpg\" \/>\n\t<meta property=\"og:image:width\" content=\"1620\" \/>\n\t<meta property=\"og:image:height\" content=\"1080\" \/>\n\t<meta property=\"og:image:type\" content=\"image\/jpeg\" \/>\n<meta name=\"twitter:card\" content=\"summary_large_image\" \/>\n<script type=\"application\/ld+json\" class=\"yoast-schema-graph\">{\"@context\":\"https:\/\/schema.org\",\"@graph\":[{\"@type\":\"WebPage\",\"@id\":\"https:\/\/lumierenoire.art\/en\/portfolio\/entends-tu-cela-photos\/\",\"url\":\"https:\/\/lumierenoire.art\/en\/portfolio\/entends-tu-cela-photos\/\",\"name\":\"Entends-tu cela ? &#8211; Lumi\u00e8re Noire\",\"isPartOf\":{\"@id\":\"https:\/\/lumierenoire.art\/en\/#website\"},\"primaryImageOfPage\":{\"@id\":\"https:\/\/lumierenoire.art\/en\/portfolio\/entends-tu-cela-photos\/#primaryimage\"},\"image\":{\"@id\":\"https:\/\/lumierenoire.art\/en\/portfolio\/entends-tu-cela-photos\/#primaryimage\"},\"thumbnailUrl\":\"https:\/\/lumierenoire.art\/wp-content\/uploads\/2020\/01\/header_do_you_hear_that.jpg\",\"datePublished\":\"2020-02-09T21:21:55+00:00\",\"dateModified\":\"2021-08-31T19:19:37+00:00\",\"description\":\"Album photos de Lumi\u00e8re Noire inspir\u00e9 de la th\u00e9orie de l'inqui\u00e9tante \u00e9tranget\u00e9. Collaboration artistique : Alexandra Caron.\",\"breadcrumb\":{\"@id\":\"https:\/\/lumierenoire.art\/en\/portfolio\/entends-tu-cela-photos\/#breadcrumb\"},\"inLanguage\":\"en-US\",\"potentialAction\":[{\"@type\":\"ReadAction\",\"target\":[\"https:\/\/lumierenoire.art\/en\/portfolio\/entends-tu-cela-photos\/\"]}]},{\"@type\":\"ImageObject\",\"inLanguage\":\"en-US\",\"@id\":\"https:\/\/lumierenoire.art\/en\/portfolio\/entends-tu-cela-photos\/#primaryimage\",\"url\":\"https:\/\/lumierenoire.art\/wp-content\/uploads\/2020\/01\/header_do_you_hear_that.jpg\",\"contentUrl\":\"https:\/\/lumierenoire.art\/wp-content\/uploads\/2020\/01\/header_do_you_hear_that.jpg\",\"width\":1620,\"height\":1080,\"caption\":\"Do you hear that ?\"},{\"@type\":\"BreadcrumbList\",\"@id\":\"https:\/\/lumierenoire.art\/en\/portfolio\/entends-tu-cela-photos\/#breadcrumb\",\"itemListElement\":[{\"@type\":\"ListItem\",\"position\":1,\"name\":\"Accueil\",\"item\":\"https:\/\/lumierenoire.art\/en\/\"},{\"@type\":\"ListItem\",\"position\":2,\"name\":\"Entends-tu cela ?\"}]},{\"@type\":\"WebSite\",\"@id\":\"https:\/\/lumierenoire.art\/en\/#website\",\"url\":\"https:\/\/lumierenoire.art\/en\/\",\"name\":\"Lumi\u00e8re Noire\",\"description\":\"\",\"publisher\":{\"@id\":\"https:\/\/lumierenoire.art\/en\/#\/schema\/person\/56d3556e99074dc55833ced2c59631ad\"},\"potentialAction\":[{\"@type\":\"SearchAction\",\"target\":{\"@type\":\"EntryPoint\",\"urlTemplate\":\"https:\/\/lumierenoire.art\/en\/?s={search_term_string}\"},\"query-input\":{\"@type\":\"PropertyValueSpecification\",\"valueRequired\":true,\"valueName\":\"search_term_string\"}}],\"inLanguage\":\"en-US\"},{\"@type\":[\"Person\",\"Organization\"],\"@id\":\"https:\/\/lumierenoire.art\/en\/#\/schema\/person\/56d3556e99074dc55833ced2c59631ad\",\"name\":\"Tanya Dolbec\",\"image\":{\"@type\":\"ImageObject\",\"inLanguage\":\"en-US\",\"@id\":\"https:\/\/lumierenoire.art\/en\/#\/schema\/person\/image\/\",\"url\":\"https:\/\/lumierenoire.art\/wp-content\/uploads\/2020\/01\/logo_light.png\",\"contentUrl\":\"https:\/\/lumierenoire.art\/wp-content\/uploads\/2020\/01\/logo_light.png\",\"width\":227,\"height\":60,\"caption\":\"Tanya Dolbec\"},\"logo\":{\"@id\":\"https:\/\/lumierenoire.art\/en\/#\/schema\/person\/image\/\"},\"sameAs\":[\"https:\/\/lumierenoire.art\",\"https:\/\/www.facebook.com\/lumierenoire.art\",\"https:\/\/www.instagram.com\/tanyadolbec\/\"]}]}<\/script>\n<!-- \/ Yoast SEO plugin. -->","yoast_head_json":{"title":"Entends-tu cela ? &#8211; Lumi\u00e8re Noire","description":"Album photos de Lumi\u00e8re Noire inspir\u00e9 de la th\u00e9orie de l'inqui\u00e9tante \u00e9tranget\u00e9. Collaboration artistique : Alexandra Caron.","robots":{"index":"index","follow":"follow","max-snippet":"max-snippet:-1","max-image-preview":"max-image-preview:large","max-video-preview":"max-video-preview:-1"},"canonical":"https:\/\/lumierenoire.art\/en\/portfolio\/entends-tu-cela-photos\/","og_locale":"en_US","og_type":"article","og_title":"Entends-tu cela ? &#8211; Lumi\u00e8re Noire","og_description":"Album photos de Lumi\u00e8re Noire inspir\u00e9 de la th\u00e9orie de l'inqui\u00e9tante \u00e9tranget\u00e9. Collaboration artistique : Alexandra Caron.","og_url":"https:\/\/lumierenoire.art\/en\/portfolio\/entends-tu-cela-photos\/","og_site_name":"Lumi\u00e8re Noire","article_publisher":"https:\/\/www.facebook.com\/lumierenoire.art","article_modified_time":"2021-08-31T19:19:37+00:00","og_image":[{"width":1620,"height":1080,"url":"https:\/\/lumierenoire.art\/wp-content\/uploads\/2020\/01\/header_do_you_hear_that.jpg","type":"image\/jpeg"}],"twitter_card":"summary_large_image","schema":{"@context":"https:\/\/schema.org","@graph":[{"@type":"WebPage","@id":"https:\/\/lumierenoire.art\/en\/portfolio\/entends-tu-cela-photos\/","url":"https:\/\/lumierenoire.art\/en\/portfolio\/entends-tu-cela-photos\/","name":"Entends-tu cela ? &#8211; Lumi\u00e8re Noire","isPartOf":{"@id":"https:\/\/lumierenoire.art\/en\/#website"},"primaryImageOfPage":{"@id":"https:\/\/lumierenoire.art\/en\/portfolio\/entends-tu-cela-photos\/#primaryimage"},"image":{"@id":"https:\/\/lumierenoire.art\/en\/portfolio\/entends-tu-cela-photos\/#primaryimage"},"thumbnailUrl":"https:\/\/lumierenoire.art\/wp-content\/uploads\/2020\/01\/header_do_you_hear_that.jpg","datePublished":"2020-02-09T21:21:55+00:00","dateModified":"2021-08-31T19:19:37+00:00","description":"Album photos de Lumi\u00e8re Noire inspir\u00e9 de la th\u00e9orie de l'inqui\u00e9tante \u00e9tranget\u00e9. Collaboration artistique : Alexandra Caron.","breadcrumb":{"@id":"https:\/\/lumierenoire.art\/en\/portfolio\/entends-tu-cela-photos\/#breadcrumb"},"inLanguage":"en-US","potentialAction":[{"@type":"ReadAction","target":["https:\/\/lumierenoire.art\/en\/portfolio\/entends-tu-cela-photos\/"]}]},{"@type":"ImageObject","inLanguage":"en-US","@id":"https:\/\/lumierenoire.art\/en\/portfolio\/entends-tu-cela-photos\/#primaryimage","url":"https:\/\/lumierenoire.art\/wp-content\/uploads\/2020\/01\/header_do_you_hear_that.jpg","contentUrl":"https:\/\/lumierenoire.art\/wp-content\/uploads\/2020\/01\/header_do_you_hear_that.jpg","width":1620,"height":1080,"caption":"Do you hear that ?"},{"@type":"BreadcrumbList","@id":"https:\/\/lumierenoire.art\/en\/portfolio\/entends-tu-cela-photos\/#breadcrumb","itemListElement":[{"@type":"ListItem","position":1,"name":"Accueil","item":"https:\/\/lumierenoire.art\/en\/"},{"@type":"ListItem","position":2,"name":"Entends-tu cela ?"}]},{"@type":"WebSite","@id":"https:\/\/lumierenoire.art\/en\/#website","url":"https:\/\/lumierenoire.art\/en\/","name":"Lumi\u00e8re Noire","description":"","publisher":{"@id":"https:\/\/lumierenoire.art\/en\/#\/schema\/person\/56d3556e99074dc55833ced2c59631ad"},"potentialAction":[{"@type":"SearchAction","target":{"@type":"EntryPoint","urlTemplate":"https:\/\/lumierenoire.art\/en\/?s={search_term_string}"},"query-input":{"@type":"PropertyValueSpecification","valueRequired":true,"valueName":"search_term_string"}}],"inLanguage":"en-US"},{"@type":["Person","Organization"],"@id":"https:\/\/lumierenoire.art\/en\/#\/schema\/person\/56d3556e99074dc55833ced2c59631ad","name":"Tanya Dolbec","image":{"@type":"ImageObject","inLanguage":"en-US","@id":"https:\/\/lumierenoire.art\/en\/#\/schema\/person\/image\/","url":"https:\/\/lumierenoire.art\/wp-content\/uploads\/2020\/01\/logo_light.png","contentUrl":"https:\/\/lumierenoire.art\/wp-content\/uploads\/2020\/01\/logo_light.png","width":227,"height":60,"caption":"Tanya Dolbec"},"logo":{"@id":"https:\/\/lumierenoire.art\/en\/#\/schema\/person\/image\/"},"sameAs":["https:\/\/lumierenoire.art","https:\/\/www.facebook.com\/lumierenoire.art","https:\/\/www.instagram.com\/tanyadolbec\/"]}]}},"_links":{"self":[{"href":"https:\/\/lumierenoire.art\/en\/wp-json\/wp\/v2\/match_portfolio\/1333","targetHints":{"allow":["GET"]}}],"collection":[{"href":"https:\/\/lumierenoire.art\/en\/wp-json\/wp\/v2\/match_portfolio"}],"about":[{"href":"https:\/\/lumierenoire.art\/en\/wp-json\/wp\/v2\/types\/match_portfolio"}],"version-history":[{"count":0,"href":"https:\/\/lumierenoire.art\/en\/wp-json\/wp\/v2\/match_portfolio\/1333\/revisions"}],"wp:featuredmedia":[{"embeddable":true,"href":"https:\/\/lumierenoire.art\/en\/wp-json\/wp\/v2\/media\/1191"}],"wp:attachment":[{"href":"https:\/\/lumierenoire.art\/en\/wp-json\/wp\/v2\/media?parent=1333"}],"wp:term":[{"taxonomy":"section","embeddable":true,"href":"https:\/\/lumierenoire.art\/en\/wp-json\/wp\/v2\/section?post=1333"}],"curies":[{"name":"wp","href":"https:\/\/api.w.org\/{rel}","templated":true}]}}