{"id":1320,"date":"2020-02-06T16:12:31","date_gmt":"2020-02-06T21:12:31","guid":{"rendered":"https:\/\/lumierenoire.art\/?post_type=match_portfolio&#038;p=1320"},"modified":"2021-08-31T14:52:16","modified_gmt":"2021-08-31T18:52:16","slug":"labri-de-lombre-photos","status":"publish","type":"match_portfolio","link":"https:\/\/lumierenoire.art\/en\/portfolio\/labri-de-lombre-photos\/","title":{"rendered":"L&#8217;Abri de l&#8217;ombre"},"content":{"rendered":"\t\t<div data-elementor-type=\"wp-post\" data-elementor-id=\"1320\" class=\"elementor elementor-1320\">\n\t\t\t\t\t\t<section class=\"elementor-section elementor-top-section elementor-element elementor-element-3f5846d0 elementor-section-boxed elementor-section-height-default elementor-section-height-default\" data-id=\"3f5846d0\" data-element_type=\"section\">\n\t\t\t\t\t\t<div class=\"elementor-container elementor-column-gap-default\">\n\t\t\t\t\t<div class=\"elementor-column elementor-col-100 elementor-top-column elementor-element elementor-element-103e7e26\" data-id=\"103e7e26\" data-element_type=\"column\">\n\t\t\t<div class=\"elementor-widget-wrap elementor-element-populated\">\n\t\t\t\t\t\t<div class=\"elementor-element elementor-element-1298f587 elementor-widget elementor-widget-heading\" data-id=\"1298f587\" data-element_type=\"widget\" data-widget_type=\"heading.default\">\n\t\t\t\t<div class=\"elementor-widget-container\">\n\t\t\t\t\t<h2 class=\"elementor-heading-title elementor-size-default\">\u00ab C\u2019est pas moi qui regarde... \u00bb<\/h2>\t\t\t\t<\/div>\n\t\t\t\t<\/div>\n\t\t\t\t<div class=\"elementor-element elementor-element-78e79d8f elementor-widget elementor-widget-text-editor\" data-id=\"78e79d8f\" data-element_type=\"widget\" data-widget_type=\"text-editor.default\">\n\t\t\t\t<div class=\"elementor-widget-container\">\n\t\t\t\t\t\t\t\t\t<p><b>Interpr\u00e8te<\/b> : <em>Lila Geneix<\/em><\/p>\t\t\t\t\t\t\t\t<\/div>\n\t\t\t\t<\/div>\n\t\t\t\t<div class=\"elementor-element elementor-element-f5c5085 elementor-align-center elementor-widget elementor-widget-button\" data-id=\"f5c5085\" data-element_type=\"widget\" data-widget_type=\"button.default\">\n\t\t\t\t<div class=\"elementor-widget-container\">\n\t\t\t\t\t\t\t\t\t<div class=\"elementor-button-wrapper\">\n\t\t\t\t\t<a class=\"elementor-button elementor-button-link elementor-size-xs\" href=\"https:\/\/lumierenoire.art\/portfolio\/a-labri-de-lombre-projet\/\">\n\t\t\t\t\t\t<span class=\"elementor-button-content-wrapper\">\n\t\t\t\t\t\t\t\t\t<span class=\"elementor-button-text\">Cliquez-ici pour en savoir plus sur le projet<\/span>\n\t\t\t\t\t<\/span>\n\t\t\t\t\t<\/a>\n\t\t\t\t<\/div>\n\t\t\t\t\t\t\t\t<\/div>\n\t\t\t\t<\/div>\n\t\t\t\t\t<\/div>\n\t\t<\/div>\n\t\t\t\t\t<\/div>\n\t\t<\/section>\n\t\t\t\t<section class=\"elementor-section elementor-top-section elementor-element elementor-element-401697c7 elementor-section-boxed elementor-section-height-default elementor-section-height-default\" data-id=\"401697c7\" data-element_type=\"section\">\n\t\t\t\t\t\t<div class=\"elementor-container elementor-column-gap-default\">\n\t\t\t\t\t<div class=\"elementor-column elementor-col-100 elementor-top-column elementor-element elementor-element-3d106ab3\" data-id=\"3d106ab3\" data-element_type=\"column\">\n\t\t\t<div class=\"elementor-widget-wrap elementor-element-populated\">\n\t\t\t\t\t\t<div class=\"elementor-element elementor-element-6d4ab097 elementor-widget elementor-widget-spacer\" data-id=\"6d4ab097\" data-element_type=\"widget\" data-widget_type=\"spacer.default\">\n\t\t\t\t<div class=\"elementor-widget-container\">\n\t\t\t\t\t\t\t<div class=\"elementor-spacer\">\n\t\t\t<div class=\"elementor-spacer-inner\"><\/div>\n\t\t<\/div>\n\t\t\t\t\t\t<\/div>\n\t\t\t\t<\/div>\n\t\t\t\t\t<\/div>\n\t\t<\/div>\n\t\t\t\t\t<\/div>\n\t\t<\/section>\n\t\t\t\t<\/div>\n\t\t","protected":false},"excerpt":{"rendered":"<p>\u00ab C\u2019est pas moi qui regarde&#8230; \u00bb Interpr\u00e8te : Lila Geneix Cliquez-ici pour en savoir plus sur le projet<\/p>\n","protected":false},"featured_media":2052,"template":"","section":[36],"class_list":["post-1320","match_portfolio","type-match_portfolio","status-publish","has-post-thumbnail","hentry","section-photos"],"acf":[],"yoast_head":"<!-- This site is optimized with the Yoast SEO plugin v25.4 - https:\/\/yoast.com\/wordpress\/plugins\/seo\/ -->\n<title>L&#039;Abri de l&#039;ombre &#8211; Lumi\u00e8re Noire<\/title>\n<meta name=\"description\" content=\"\u00c9tude de l\u2019image et du mouvement. Un projet photographique questionnant notre rapport \u00e0 la terre dans notre qu\u00eate identitaire. Interpr\u00e9t\u00e9 par Lila Geneix.\" \/>\n<meta name=\"robots\" content=\"index, follow, max-snippet:-1, max-image-preview:large, max-video-preview:-1\" \/>\n<link rel=\"canonical\" href=\"https:\/\/lumierenoire.art\/en\/portfolio\/labri-de-lombre-photos\/\" \/>\n<meta property=\"og:locale\" content=\"en_US\" \/>\n<meta property=\"og:type\" content=\"article\" \/>\n<meta property=\"og:title\" content=\"L&#039;Abri de l&#039;ombre &#8211; Lumi\u00e8re Noire\" \/>\n<meta property=\"og:description\" content=\"\u00c9tude de l\u2019image et du mouvement. Un projet photographique questionnant notre rapport \u00e0 la terre dans notre qu\u00eate identitaire. Interpr\u00e9t\u00e9 par Lila Geneix.\" \/>\n<meta property=\"og:url\" content=\"https:\/\/lumierenoire.art\/en\/portfolio\/labri-de-lombre-photos\/\" \/>\n<meta property=\"og:site_name\" content=\"Lumi\u00e8re Noire\" \/>\n<meta property=\"article:publisher\" content=\"https:\/\/www.facebook.com\/lumierenoire.art\" \/>\n<meta property=\"article:modified_time\" content=\"2021-08-31T18:52:16+00:00\" \/>\n<meta property=\"og:image\" content=\"https:\/\/lumierenoire.art\/wp-content\/uploads\/2020\/02\/En-t\u00eate_abriombre-6003.jpg\" \/>\n\t<meta property=\"og:image:width\" content=\"1618\" \/>\n\t<meta property=\"og:image:height\" content=\"1079\" \/>\n\t<meta property=\"og:image:type\" content=\"image\/jpeg\" \/>\n<meta name=\"twitter:card\" content=\"summary_large_image\" \/>\n<script type=\"application\/ld+json\" class=\"yoast-schema-graph\">{\"@context\":\"https:\/\/schema.org\",\"@graph\":[{\"@type\":\"WebPage\",\"@id\":\"https:\/\/lumierenoire.art\/en\/portfolio\/labri-de-lombre-photos\/\",\"url\":\"https:\/\/lumierenoire.art\/en\/portfolio\/labri-de-lombre-photos\/\",\"name\":\"L'Abri de l'ombre &#8211; Lumi\u00e8re Noire\",\"isPartOf\":{\"@id\":\"https:\/\/lumierenoire.art\/en\/#website\"},\"primaryImageOfPage\":{\"@id\":\"https:\/\/lumierenoire.art\/en\/portfolio\/labri-de-lombre-photos\/#primaryimage\"},\"image\":{\"@id\":\"https:\/\/lumierenoire.art\/en\/portfolio\/labri-de-lombre-photos\/#primaryimage\"},\"thumbnailUrl\":\"https:\/\/lumierenoire.art\/wp-content\/uploads\/2020\/02\/En-t\u00eate_abriombre-6003.jpg\",\"datePublished\":\"2020-02-06T21:12:31+00:00\",\"dateModified\":\"2021-08-31T18:52:16+00:00\",\"description\":\"\u00c9tude de l\u2019image et du mouvement. Un projet photographique questionnant notre rapport \u00e0 la terre dans notre qu\u00eate identitaire. Interpr\u00e9t\u00e9 par Lila Geneix.\",\"breadcrumb\":{\"@id\":\"https:\/\/lumierenoire.art\/en\/portfolio\/labri-de-lombre-photos\/#breadcrumb\"},\"inLanguage\":\"en-US\",\"potentialAction\":[{\"@type\":\"ReadAction\",\"target\":[\"https:\/\/lumierenoire.art\/en\/portfolio\/labri-de-lombre-photos\/\"]}]},{\"@type\":\"ImageObject\",\"inLanguage\":\"en-US\",\"@id\":\"https:\/\/lumierenoire.art\/en\/portfolio\/labri-de-lombre-photos\/#primaryimage\",\"url\":\"https:\/\/lumierenoire.art\/wp-content\/uploads\/2020\/02\/En-t\u00eate_abriombre-6003.jpg\",\"contentUrl\":\"https:\/\/lumierenoire.art\/wp-content\/uploads\/2020\/02\/En-t\u00eate_abriombre-6003.jpg\",\"width\":1618,\"height\":1079},{\"@type\":\"BreadcrumbList\",\"@id\":\"https:\/\/lumierenoire.art\/en\/portfolio\/labri-de-lombre-photos\/#breadcrumb\",\"itemListElement\":[{\"@type\":\"ListItem\",\"position\":1,\"name\":\"Accueil\",\"item\":\"https:\/\/lumierenoire.art\/en\/\"},{\"@type\":\"ListItem\",\"position\":2,\"name\":\"L&rsquo;Abri de l&rsquo;ombre\"}]},{\"@type\":\"WebSite\",\"@id\":\"https:\/\/lumierenoire.art\/en\/#website\",\"url\":\"https:\/\/lumierenoire.art\/en\/\",\"name\":\"Lumi\u00e8re Noire\",\"description\":\"\",\"publisher\":{\"@id\":\"https:\/\/lumierenoire.art\/en\/#\/schema\/person\/56d3556e99074dc55833ced2c59631ad\"},\"potentialAction\":[{\"@type\":\"SearchAction\",\"target\":{\"@type\":\"EntryPoint\",\"urlTemplate\":\"https:\/\/lumierenoire.art\/en\/?s={search_term_string}\"},\"query-input\":{\"@type\":\"PropertyValueSpecification\",\"valueRequired\":true,\"valueName\":\"search_term_string\"}}],\"inLanguage\":\"en-US\"},{\"@type\":[\"Person\",\"Organization\"],\"@id\":\"https:\/\/lumierenoire.art\/en\/#\/schema\/person\/56d3556e99074dc55833ced2c59631ad\",\"name\":\"Tanya Dolbec\",\"image\":{\"@type\":\"ImageObject\",\"inLanguage\":\"en-US\",\"@id\":\"https:\/\/lumierenoire.art\/en\/#\/schema\/person\/image\/\",\"url\":\"https:\/\/lumierenoire.art\/wp-content\/uploads\/2020\/01\/logo_light.png\",\"contentUrl\":\"https:\/\/lumierenoire.art\/wp-content\/uploads\/2020\/01\/logo_light.png\",\"width\":227,\"height\":60,\"caption\":\"Tanya Dolbec\"},\"logo\":{\"@id\":\"https:\/\/lumierenoire.art\/en\/#\/schema\/person\/image\/\"},\"sameAs\":[\"https:\/\/lumierenoire.art\",\"https:\/\/www.facebook.com\/lumierenoire.art\",\"https:\/\/www.instagram.com\/tanyadolbec\/\"]}]}<\/script>\n<!-- \/ Yoast SEO plugin. -->","yoast_head_json":{"title":"L'Abri de l'ombre &#8211; Lumi\u00e8re Noire","description":"\u00c9tude de l\u2019image et du mouvement. Un projet photographique questionnant notre rapport \u00e0 la terre dans notre qu\u00eate identitaire. Interpr\u00e9t\u00e9 par Lila Geneix.","robots":{"index":"index","follow":"follow","max-snippet":"max-snippet:-1","max-image-preview":"max-image-preview:large","max-video-preview":"max-video-preview:-1"},"canonical":"https:\/\/lumierenoire.art\/en\/portfolio\/labri-de-lombre-photos\/","og_locale":"en_US","og_type":"article","og_title":"L'Abri de l'ombre &#8211; Lumi\u00e8re Noire","og_description":"\u00c9tude de l\u2019image et du mouvement. Un projet photographique questionnant notre rapport \u00e0 la terre dans notre qu\u00eate identitaire. Interpr\u00e9t\u00e9 par Lila Geneix.","og_url":"https:\/\/lumierenoire.art\/en\/portfolio\/labri-de-lombre-photos\/","og_site_name":"Lumi\u00e8re Noire","article_publisher":"https:\/\/www.facebook.com\/lumierenoire.art","article_modified_time":"2021-08-31T18:52:16+00:00","og_image":[{"width":1618,"height":1079,"url":"https:\/\/lumierenoire.art\/wp-content\/uploads\/2020\/02\/En-t\u00eate_abriombre-6003.jpg","type":"image\/jpeg"}],"twitter_card":"summary_large_image","schema":{"@context":"https:\/\/schema.org","@graph":[{"@type":"WebPage","@id":"https:\/\/lumierenoire.art\/en\/portfolio\/labri-de-lombre-photos\/","url":"https:\/\/lumierenoire.art\/en\/portfolio\/labri-de-lombre-photos\/","name":"L'Abri de l'ombre &#8211; Lumi\u00e8re Noire","isPartOf":{"@id":"https:\/\/lumierenoire.art\/en\/#website"},"primaryImageOfPage":{"@id":"https:\/\/lumierenoire.art\/en\/portfolio\/labri-de-lombre-photos\/#primaryimage"},"image":{"@id":"https:\/\/lumierenoire.art\/en\/portfolio\/labri-de-lombre-photos\/#primaryimage"},"thumbnailUrl":"https:\/\/lumierenoire.art\/wp-content\/uploads\/2020\/02\/En-t\u00eate_abriombre-6003.jpg","datePublished":"2020-02-06T21:12:31+00:00","dateModified":"2021-08-31T18:52:16+00:00","description":"\u00c9tude de l\u2019image et du mouvement. Un projet photographique questionnant notre rapport \u00e0 la terre dans notre qu\u00eate identitaire. Interpr\u00e9t\u00e9 par Lila Geneix.","breadcrumb":{"@id":"https:\/\/lumierenoire.art\/en\/portfolio\/labri-de-lombre-photos\/#breadcrumb"},"inLanguage":"en-US","potentialAction":[{"@type":"ReadAction","target":["https:\/\/lumierenoire.art\/en\/portfolio\/labri-de-lombre-photos\/"]}]},{"@type":"ImageObject","inLanguage":"en-US","@id":"https:\/\/lumierenoire.art\/en\/portfolio\/labri-de-lombre-photos\/#primaryimage","url":"https:\/\/lumierenoire.art\/wp-content\/uploads\/2020\/02\/En-t\u00eate_abriombre-6003.jpg","contentUrl":"https:\/\/lumierenoire.art\/wp-content\/uploads\/2020\/02\/En-t\u00eate_abriombre-6003.jpg","width":1618,"height":1079},{"@type":"BreadcrumbList","@id":"https:\/\/lumierenoire.art\/en\/portfolio\/labri-de-lombre-photos\/#breadcrumb","itemListElement":[{"@type":"ListItem","position":1,"name":"Accueil","item":"https:\/\/lumierenoire.art\/en\/"},{"@type":"ListItem","position":2,"name":"L&rsquo;Abri de l&rsquo;ombre"}]},{"@type":"WebSite","@id":"https:\/\/lumierenoire.art\/en\/#website","url":"https:\/\/lumierenoire.art\/en\/","name":"Lumi\u00e8re Noire","description":"","publisher":{"@id":"https:\/\/lumierenoire.art\/en\/#\/schema\/person\/56d3556e99074dc55833ced2c59631ad"},"potentialAction":[{"@type":"SearchAction","target":{"@type":"EntryPoint","urlTemplate":"https:\/\/lumierenoire.art\/en\/?s={search_term_string}"},"query-input":{"@type":"PropertyValueSpecification","valueRequired":true,"valueName":"search_term_string"}}],"inLanguage":"en-US"},{"@type":["Person","Organization"],"@id":"https:\/\/lumierenoire.art\/en\/#\/schema\/person\/56d3556e99074dc55833ced2c59631ad","name":"Tanya Dolbec","image":{"@type":"ImageObject","inLanguage":"en-US","@id":"https:\/\/lumierenoire.art\/en\/#\/schema\/person\/image\/","url":"https:\/\/lumierenoire.art\/wp-content\/uploads\/2020\/01\/logo_light.png","contentUrl":"https:\/\/lumierenoire.art\/wp-content\/uploads\/2020\/01\/logo_light.png","width":227,"height":60,"caption":"Tanya Dolbec"},"logo":{"@id":"https:\/\/lumierenoire.art\/en\/#\/schema\/person\/image\/"},"sameAs":["https:\/\/lumierenoire.art","https:\/\/www.facebook.com\/lumierenoire.art","https:\/\/www.instagram.com\/tanyadolbec\/"]}]}},"_links":{"self":[{"href":"https:\/\/lumierenoire.art\/en\/wp-json\/wp\/v2\/match_portfolio\/1320","targetHints":{"allow":["GET"]}}],"collection":[{"href":"https:\/\/lumierenoire.art\/en\/wp-json\/wp\/v2\/match_portfolio"}],"about":[{"href":"https:\/\/lumierenoire.art\/en\/wp-json\/wp\/v2\/types\/match_portfolio"}],"version-history":[{"count":0,"href":"https:\/\/lumierenoire.art\/en\/wp-json\/wp\/v2\/match_portfolio\/1320\/revisions"}],"wp:featuredmedia":[{"embeddable":true,"href":"https:\/\/lumierenoire.art\/en\/wp-json\/wp\/v2\/media\/2052"}],"wp:attachment":[{"href":"https:\/\/lumierenoire.art\/en\/wp-json\/wp\/v2\/media?parent=1320"}],"wp:term":[{"taxonomy":"section","embeddable":true,"href":"https:\/\/lumierenoire.art\/en\/wp-json\/wp\/v2\/section?post=1320"}],"curies":[{"name":"wp","href":"https:\/\/api.w.org\/{rel}","templated":true}]}}