{"id":1112,"date":"2020-03-05T20:47:04","date_gmt":"2020-03-06T01:47:04","guid":{"rendered":"https:\/\/lumierenoire.art\/?post_type=match_portfolio&#038;p=1112"},"modified":"2024-05-14T13:44:43","modified_gmt":"2024-05-14T17:44:43","slug":"interfrequences","status":"publish","type":"match_portfolio","link":"https:\/\/lumierenoire.art\/en\/portfolio\/interfrequences\/","title":{"rendered":"Interfr\u00e9quences"},"content":{"rendered":"\t\t<div data-elementor-type=\"wp-post\" data-elementor-id=\"1112\" class=\"elementor elementor-1112\">\n\t\t\t\t\t\t<section class=\"elementor-section elementor-top-section elementor-element elementor-element-10e0ca79 elementor-section-boxed elementor-section-height-default elementor-section-height-default\" data-id=\"10e0ca79\" data-element_type=\"section\">\n\t\t\t\t\t\t<div class=\"elementor-container elementor-column-gap-default\">\n\t\t\t\t\t<div class=\"elementor-column elementor-col-100 elementor-top-column elementor-element elementor-element-26d114c3\" data-id=\"26d114c3\" data-element_type=\"column\">\n\t\t\t<div class=\"elementor-widget-wrap elementor-element-populated\">\n\t\t\t\t\t\t<div class=\"elementor-element elementor-element-739eb166 elementor-widget elementor-widget-heading\" data-id=\"739eb166\" data-element_type=\"widget\" data-widget_type=\"heading.default\">\n\t\t\t\t<div class=\"elementor-widget-container\">\n\t\t\t\t\t<h2 class=\"elementor-heading-title elementor-size-default\">\u00ab Nous vivons dans l'hyper-r\u00e9el, je suis l\u2019hyper-r\u00e9el \u00bb<\/h2>\t\t\t\t<\/div>\n\t\t\t\t<\/div>\n\t\t\t\t<div class=\"elementor-element elementor-element-d3f77ec elementor-widget elementor-widget-text-editor\" data-id=\"d3f77ec\" data-element_type=\"widget\" data-widget_type=\"text-editor.default\">\n\t\t\t\t<div class=\"elementor-widget-container\">\n\t\t\t\t\t\t\t\t\t<p style=\"text-align: center;\"><b>Interpr\u00e8tes<\/b> : Lila Geneix, Silvia Sanchez, Alexandra Caron et Vicky G\u00e9lineau<\/p>\t\t\t\t\t\t\t\t<\/div>\n\t\t\t\t<\/div>\n\t\t\t\t\t<\/div>\n\t\t<\/div>\n\t\t\t\t\t<\/div>\n\t\t<\/section>\n\t\t\t\t<section class=\"elementor-section elementor-top-section elementor-element elementor-element-4a42290 elementor-section-boxed elementor-section-height-default elementor-section-height-default\" data-id=\"4a42290\" data-element_type=\"section\">\n\t\t\t\t\t\t<div class=\"elementor-container elementor-column-gap-default\">\n\t\t\t\t\t<div class=\"elementor-column elementor-col-50 elementor-top-column elementor-element elementor-element-9147b74\" data-id=\"9147b74\" data-element_type=\"column\">\n\t\t\t<div class=\"elementor-widget-wrap elementor-element-populated\">\n\t\t\t\t\t\t<div class=\"elementor-element elementor-element-3a105dc elementor-widget elementor-widget-text-editor\" data-id=\"3a105dc\" data-element_type=\"widget\" data-widget_type=\"text-editor.default\">\n\t\t\t\t<div class=\"elementor-widget-container\">\n\t\t\t\t\t\t\t\t\t<p><b><i>Interfr\u00e9quences<\/i><\/b> est une installation performative et une recherche sur l\u2019image et le mouvement. Elle est constitu\u00e9e de diff\u00e9rentes phases\/fr\u00e9quences qui sont divis\u00e9es selon des tableaux de cr\u00e9ation\/production. Cette \u0153uvre a pour but de questionner notre rapport aux technologies dans la vie de tous les jours, ainsi que l\u2019image de soi pr\u00e9d\u00e9termin\u00e9e par la soci\u00e9t\u00e9.\u00a0<\/p><p>Avez-vous vraiment le contr\u00f4le dans une soci\u00e9t\u00e9 en mouvement d\u2019hyper-m\u00e9diatisation et d\u2019ego-portraits o\u00f9 l\u2019\u00e9conomie est aliment\u00e9e par l\u2019individu technologique, o\u00f9 notre identit\u00e9, nos d\u00e9sirs et nos valeurs sont pr\u00e9d\u00e9finies et d\u00e9termin\u00e9es par une soci\u00e9t\u00e9 bas\u00e9e sur le capitalisme et l\u2019image de soi ?<\/p><p>Le projet <i>Interfr\u00e9quences<\/i> est une \u0153uvre sans limite et sans fin car elle repr\u00e9sente un mode de fonctionnement performatif dans un univers sp\u00e9cifique qui peut se moduler selon l&#8217;interpr\u00e8te impliqu\u00e9e dans la performance.<\/p><p>L&#8217;objectif est l&#8217;obtention d&#8217;un nombre innombrable de phases dans le but de cr\u00e9er un monde complet et vivant de lui-m\u00eame.\u00a0<\/p><p><b>La performance \/ Phase 2<\/b><br \/>La Phase 2 a \u00e9t\u00e9 pr\u00e9sent\u00e9e au Caf\u00e9 ORR en mars 2020. Pour une dur\u00e9e de 3 h 00, les spectateurs sont submerg\u00e9s dans l&#8217;imaginaire et l\u2019environnement de l&#8217;installation performative de Lumi\u00e8re Noire. Les interpr\u00e8tes performent dans un espace architectural, racontant leur histoire. Une histoire propre \u00e0 chacune d&#8217;entre elle.<\/p><p>C&#8217;est un moment pour s&#8217;\u00e9vader et prendre conscience de la r\u00e9alit\u00e9 dans laquelle nous vivons. Transport\u00e9es \u00e0 bout de leur souffle, elles observent leur r\u00e9alit\u00e9 qui est aussi la v\u00f4tre.\u00a0<\/p><p>Domin\u00e9es et contr\u00f4l\u00e9es par cette entit\u00e9 \u00e9lectrique.<\/p>\t\t\t\t\t\t\t\t<\/div>\n\t\t\t\t<\/div>\n\t\t\t\t\t<\/div>\n\t\t<\/div>\n\t\t\t\t<div class=\"elementor-column elementor-col-50 elementor-top-column elementor-element elementor-element-4b8f7b2\" data-id=\"4b8f7b2\" data-element_type=\"column\">\n\t\t\t<div class=\"elementor-widget-wrap elementor-element-populated\">\n\t\t\t\t\t\t<div class=\"elementor-element elementor-element-57edbd6 elementor-widget elementor-widget-image\" data-id=\"57edbd6\" data-element_type=\"widget\" data-widget_type=\"image.default\">\n\t\t\t\t<div class=\"elementor-widget-container\">\n\t\t\t\t\t\t\t\t\t\t\t\t\t\t\t<img fetchpriority=\"high\" decoding=\"async\" width=\"719\" height=\"1079\" src=\"https:\/\/lumierenoire.art\/wp-content\/uploads\/2020\/02\/interfr\u00e9quences.jpg\" class=\"attachment-large size-large wp-image-6189\" alt=\"\" srcset=\"https:\/\/lumierenoire.art\/wp-content\/uploads\/2020\/02\/interfr\u00e9quences.jpg 719w, https:\/\/lumierenoire.art\/wp-content\/uploads\/2020\/02\/interfr\u00e9quences-533x800.jpg 533w\" sizes=\"(max-width: 719px) 100vw, 719px\" \/>\t\t\t\t\t\t\t\t\t\t\t\t\t\t\t<\/div>\n\t\t\t\t<\/div>\n\t\t\t\t\t<\/div>\n\t\t<\/div>\n\t\t\t\t\t<\/div>\n\t\t<\/section>\n\t\t\t\t<section class=\"elementor-section elementor-top-section elementor-element elementor-element-3094395 elementor-section-boxed elementor-section-height-default elementor-section-height-default\" data-id=\"3094395\" data-element_type=\"section\">\n\t\t\t\t\t\t<div class=\"elementor-container elementor-column-gap-default\">\n\t\t\t\t\t<div class=\"elementor-column elementor-col-50 elementor-top-column elementor-element elementor-element-019995c\" data-id=\"019995c\" data-element_type=\"column\">\n\t\t\t<div class=\"elementor-widget-wrap elementor-element-populated\">\n\t\t\t\t\t\t<div class=\"elementor-element elementor-element-cb0cc70 elementor-widget elementor-widget-text-editor\" data-id=\"cb0cc70\" data-element_type=\"widget\" data-widget_type=\"text-editor.default\">\n\t\t\t\t<div class=\"elementor-widget-container\">\n\t\t\t\t\t\t\t\t\t<p><strong>Installation technologique :<\/strong><\/p><p>(Les t\u00e9l\u00e9visions de Lila)<strong><br \/><\/strong><\/p><ul><li>William L\u2019Archev\u00eaque<\/li><\/ul><div><p><b>Collaborateurs compositeurs :<\/b><\/p><ul><li><a href=\"https:\/\/soundcloud.com\/vivicusviridian\">VIRIDIAN<\/a><\/li><li><a href=\"https:\/\/www.youtube.com\/user\/etiennemason\">MAYSUN<\/a><\/li><li><a href=\"https:\/\/clcnoise.bandcamp.com\/\">CLC-NOISE<\/a><\/li><\/ul><\/div>\t\t\t\t\t\t\t\t<\/div>\n\t\t\t\t<\/div>\n\t\t\t\t\t<\/div>\n\t\t<\/div>\n\t\t\t\t<div class=\"elementor-column elementor-col-50 elementor-top-column elementor-element elementor-element-58df0ed\" data-id=\"58df0ed\" data-element_type=\"column\">\n\t\t\t<div class=\"elementor-widget-wrap elementor-element-populated\">\n\t\t\t\t\t\t<div class=\"elementor-element elementor-element-b2ad47d elementor-widget elementor-widget-text-editor\" data-id=\"b2ad47d\" data-element_type=\"widget\" data-widget_type=\"text-editor.default\">\n\t\t\t\t<div class=\"elementor-widget-container\">\n\t\t\t\t\t\t\t\t\t<p><strong>Soutien :<\/strong><\/p><ul><li>Le programme d\u2019aide aux artistes en danse dipl\u00f4m\u00e9s de l\u2019UQAM<\/li><li>L\u2019Acad\u00e9mie de danse d\u2019Outremont<\/li><li>Caf\u00e9 ORR<\/li><li>Jeunes Volontaire d\u2019Emploi Qu\u00e9bec<\/li><\/ul><div>\u00a0<\/div>\t\t\t\t\t\t\t\t<\/div>\n\t\t\t\t<\/div>\n\t\t\t\t\t<\/div>\n\t\t<\/div>\n\t\t\t\t\t<\/div>\n\t\t<\/section>\n\t\t\t\t<section class=\"elementor-section elementor-top-section elementor-element elementor-element-22dc360 elementor-section-boxed elementor-section-height-default elementor-section-height-default\" data-id=\"22dc360\" data-element_type=\"section\">\n\t\t\t\t\t\t<div class=\"elementor-container elementor-column-gap-default\">\n\t\t\t\t\t<div class=\"elementor-column elementor-col-100 elementor-top-column elementor-element elementor-element-89e8121\" data-id=\"89e8121\" data-element_type=\"column\">\n\t\t\t<div class=\"elementor-widget-wrap elementor-element-populated\">\n\t\t\t\t\t\t<div class=\"elementor-element elementor-element-63b616e elementor-widget elementor-widget-spacer\" data-id=\"63b616e\" data-element_type=\"widget\" data-widget_type=\"spacer.default\">\n\t\t\t\t<div class=\"elementor-widget-container\">\n\t\t\t\t\t\t\t<div class=\"elementor-spacer\">\n\t\t\t<div class=\"elementor-spacer-inner\"><\/div>\n\t\t<\/div>\n\t\t\t\t\t\t<\/div>\n\t\t\t\t<\/div>\n\t\t\t\t\t<\/div>\n\t\t<\/div>\n\t\t\t\t\t<\/div>\n\t\t<\/section>\n\t\t\t\t<section class=\"elementor-section elementor-top-section elementor-element elementor-element-b47c3c3 elementor-section-boxed elementor-section-height-default elementor-section-height-default\" data-id=\"b47c3c3\" data-element_type=\"section\">\n\t\t\t\t\t\t<div class=\"elementor-container elementor-column-gap-default\">\n\t\t\t\t\t<div class=\"elementor-column elementor-col-100 elementor-top-column elementor-element elementor-element-6446026\" data-id=\"6446026\" data-element_type=\"column\">\n\t\t\t<div class=\"elementor-widget-wrap elementor-element-populated\">\n\t\t\t\t\t\t<div class=\"elementor-element elementor-element-c550cbe elementor-widget elementor-widget-heading\" data-id=\"c550cbe\" data-element_type=\"widget\" data-widget_type=\"heading.default\">\n\t\t\t\t<div class=\"elementor-widget-container\">\n\t\t\t\t\t<h2 class=\"elementor-heading-title elementor-size-default\">Les fr\u00e9quences \/ phases du projet<\/h2>\t\t\t\t<\/div>\n\t\t\t\t<\/div>\n\t\t\t\t\t<\/div>\n\t\t<\/div>\n\t\t\t\t\t<\/div>\n\t\t<\/section>\n\t\t\t\t<section class=\"elementor-section elementor-top-section elementor-element elementor-element-c992f47 elementor-section-boxed elementor-section-height-default elementor-section-height-default\" data-id=\"c992f47\" data-element_type=\"section\">\n\t\t\t\t\t\t<div class=\"elementor-container elementor-column-gap-default\">\n\t\t\t\t\t<div class=\"elementor-column elementor-col-100 elementor-top-column elementor-element elementor-element-2a3b87c\" data-id=\"2a3b87c\" data-element_type=\"column\">\n\t\t\t<div class=\"elementor-widget-wrap elementor-element-populated\">\n\t\t\t\t\t\t<div class=\"elementor-element elementor-element-b4e7e2c elementor-widget elementor-widget-shortcode\" data-id=\"b4e7e2c\" data-element_type=\"widget\" data-widget_type=\"shortcode.default\">\n\t\t\t\t<div class=\"elementor-widget-container\">\n\t\t\t\t\t\t\t<div class=\"elementor-shortcode\"><div class=\"short-portfolio-grid-holder\"><div class=\"port-grid port-grid-3cols\"><div class=\"row portfolio-layout-masonry\"><div class=\"col-sm-6 col-lg-4 item-portfolio home  photos \"><div class=\"port-item-htext\"><a href=\"https:\/\/lumierenoire.art\/en\/portfolio\/interfrequences-phase-2\/\"><div class=\"background-color\" style=\"background:#5430f4\"><\/div><div class=\"port-img\"><img decoding=\"async\" width=\"850\" height=\"800\" src=\"https:\/\/lumierenoire.art\/wp-content\/uploads\/2020\/03\/EN-TETE_INTERFREQUENCES-850x800.jpg\" class=\"img-fluid wp-post-image\" alt=\"Interfr\u00e9quences Phase 2\" \/><\/div><div class=\"port-caption\"><h2>Interfr\u00e9quences Phase 2<\/h2><ul class=\"portfolio-categ\"><li>Photos<\/li><\/ul><\/div><div class=\"album-arrow-grid\"><\/div><\/a><\/div><\/div><div class=\"col-sm-6 col-lg-4 item-portfolio projets \"><div class=\"port-item-htext\"><a href=\"https:\/\/lumierenoire.art\/en\/portfolio\/frequences-1-5-projet\/\"><div class=\"background-color\" style=\"background:#ddeafb\"><\/div><div class=\"port-img\"><img decoding=\"async\" width=\"850\" height=\"800\" src=\"https:\/\/lumierenoire.art\/wp-content\/uploads\/2020\/04\/ALBUM-INTERFR\u00c9QUENCES1-2-3--850x800.jpg\" class=\"img-fluid wp-post-image\" alt=\"Fr\u00e9quences 1.5\" \/><\/div><div class=\"port-caption\"><h2>Fr\u00e9quences 1.5<\/h2><ul class=\"portfolio-categ\"><li>Projets<\/li><\/ul><\/div><div class=\"album-arrow-grid\"><\/div><\/a><\/div><\/div><div class=\"col-sm-6 col-lg-4 item-portfolio projets \"><div class=\"port-item-htext\"><a href=\"https:\/\/lumierenoire.art\/en\/portfolio\/frequence-0-0-projet\/\"><div class=\"background-color\" style=\"background:#b8260c\"><\/div><div class=\"port-img\"><img loading=\"lazy\" decoding=\"async\" width=\"850\" height=\"800\" src=\"https:\/\/lumierenoire.art\/wp-content\/uploads\/2020\/04\/tele_de_lila-850x800.jpg\" class=\"img-fluid wp-post-image\" alt=\"Fr\u00e9quence 0.0\" \/><\/div><div class=\"port-caption\"><h2>Fr\u00e9quence 0.0<\/h2><ul class=\"portfolio-categ\"><li>Projets<\/li><\/ul><\/div><div class=\"album-arrow-grid\"><\/div><\/a><\/div><\/div><div class=\"col-sm-6 col-lg-4 item-portfolio photos \"><div class=\"port-item-htext\"><a href=\"https:\/\/lumierenoire.art\/en\/portfolio\/avant-laube\/\"><div class=\"background-color\" style=\"background:#5a95aa\"><\/div><div class=\"port-img\"><img loading=\"lazy\" decoding=\"async\" width=\"850\" height=\"800\" src=\"https:\/\/lumierenoire.art\/wp-content\/uploads\/2020\/04\/ALBUM-AVANTLAUBE-6888-850x800.jpg\" class=\"img-fluid wp-post-image\" alt=\"Avant l&#8217;Aube\" \/><\/div><div class=\"port-caption\"><h2>Avant l&#8217;Aube<\/h2><ul class=\"portfolio-categ\"><li>Photos<\/li><\/ul><\/div><div class=\"album-arrow-grid\"><\/div><\/a><\/div><\/div><div class=\"col-sm-6 col-lg-4 item-portfolio photos \"><div class=\"port-item-htext\"><a href=\"https:\/\/lumierenoire.art\/en\/portfolio\/crepuscule\/\"><div class=\"background-color\" style=\"background:#bdd9fd\"><\/div><div class=\"port-img\"><img loading=\"lazy\" decoding=\"async\" width=\"850\" height=\"800\" src=\"https:\/\/lumierenoire.art\/wp-content\/uploads\/2020\/04\/11_crepuscule-850x800.jpg\" class=\"img-fluid wp-post-image\" alt=\"Cr\u00e9puscule\" \/><\/div><div class=\"port-caption\"><h2>Cr\u00e9puscule<\/h2><ul class=\"portfolio-categ\"><li>Photos<\/li><\/ul><\/div><div class=\"album-arrow-grid\"><\/div><\/a><\/div><\/div><div class=\"col-sm-6 col-lg-4 item-portfolio photos \"><div class=\"port-item-htext\"><a href=\"https:\/\/lumierenoire.art\/en\/livre-interfrequences-phase-1\/\"><div class=\"background-color\" style=\"background:#596770\"><\/div><div class=\"port-img\"><img loading=\"lazy\" decoding=\"async\" width=\"850\" height=\"800\" src=\"https:\/\/lumierenoire.art\/wp-content\/uploads\/2020\/02\/23_frequences1-5-850x800.jpg\" class=\"img-fluid wp-post-image\" alt=\"Livre Interfr\u00e9quences Phase 1\" \/><\/div><div class=\"port-caption\"><h2>Livre Interfr\u00e9quences Phase 1<\/h2><\/div><div class=\"album-arrow-grid\"><\/div><\/a><\/div><\/div><\/div><\/div><\/div><\/div>\n\t\t\t\t\t\t<\/div>\n\t\t\t\t<\/div>\n\t\t\t\t\t<\/div>\n\t\t<\/div>\n\t\t\t\t\t<\/div>\n\t\t<\/section>\n\t\t\t\t<section class=\"elementor-section elementor-top-section elementor-element elementor-element-f079604 elementor-section-boxed elementor-section-height-default elementor-section-height-default\" data-id=\"f079604\" data-element_type=\"section\">\n\t\t\t\t\t\t<div class=\"elementor-container elementor-column-gap-default\">\n\t\t\t\t\t<div class=\"elementor-column elementor-col-100 elementor-top-column elementor-element elementor-element-6c6af81\" data-id=\"6c6af81\" data-element_type=\"column\">\n\t\t\t<div class=\"elementor-widget-wrap elementor-element-populated\">\n\t\t\t\t\t\t<div class=\"elementor-element elementor-element-5aa08a8 elementor-widget elementor-widget-spacer\" data-id=\"5aa08a8\" data-element_type=\"widget\" data-widget_type=\"spacer.default\">\n\t\t\t\t<div class=\"elementor-widget-container\">\n\t\t\t\t\t\t\t<div class=\"elementor-spacer\">\n\t\t\t<div class=\"elementor-spacer-inner\"><\/div>\n\t\t<\/div>\n\t\t\t\t\t\t<\/div>\n\t\t\t\t<\/div>\n\t\t\t\t\t<\/div>\n\t\t<\/div>\n\t\t\t\t\t<\/div>\n\t\t<\/section>\n\t\t\t\t<\/div>\n\t\t","protected":false},"excerpt":{"rendered":"<p>\u00ab Nous vivons dans l&#8217;hyper-r\u00e9el, je suis l\u2019hyper-r\u00e9el \u00bb Interpr\u00e8tes : Lila Geneix, Silvia Sanchez, Alexandra Caron et Vicky G\u00e9lineau Interfr\u00e9quences est une installation performative et une recherche sur l\u2019image et le mouvement. Elle est constitu\u00e9e de diff\u00e9rentes phases\/fr\u00e9quences qui sont divis\u00e9es selon des tableaux de cr\u00e9ation\/production. Cette \u0153uvre a&#8230;<\/p>\n","protected":false},"featured_media":1161,"template":"","section":[35],"class_list":["post-1112","match_portfolio","type-match_portfolio","status-publish","has-post-thumbnail","hentry","section-projets"],"acf":[],"yoast_head":"<!-- This site is optimized with the Yoast SEO plugin v25.4 - https:\/\/yoast.com\/wordpress\/plugins\/seo\/ -->\n<title>Installation performative et recherche &#8211; Interfr\u00e9quences &#8211; Lumi\u00e8re Noire<\/title>\n<meta name=\"description\" content=\"Interfr\u00e9quences est une installation performative et une recherche sur l\u2019image et le mouvement. Projet multidisciplinaire inspir\u00e9 des th\u00e9ories de Jean Baudrillard, Carl Gustave Jung et Sigmund Freud.\" \/>\n<meta name=\"robots\" content=\"index, follow, max-snippet:-1, max-image-preview:large, max-video-preview:-1\" \/>\n<link rel=\"canonical\" href=\"https:\/\/lumierenoire.art\/en\/portfolio\/interfrequences\/\" \/>\n<meta property=\"og:locale\" content=\"en_US\" \/>\n<meta property=\"og:type\" content=\"article\" \/>\n<meta property=\"og:title\" content=\"Installation performative et recherche &#8211; Interfr\u00e9quences &#8211; Lumi\u00e8re Noire\" \/>\n<meta property=\"og:description\" content=\"Interfr\u00e9quences est une installation performative et une recherche sur l\u2019image et le mouvement. Projet multidisciplinaire inspir\u00e9 des th\u00e9ories de Jean Baudrillard, Carl Gustave Jung et Sigmund Freud.\" \/>\n<meta property=\"og:url\" content=\"https:\/\/lumierenoire.art\/en\/portfolio\/interfrequences\/\" \/>\n<meta property=\"og:site_name\" content=\"Lumi\u00e8re Noire\" \/>\n<meta property=\"article:publisher\" content=\"https:\/\/www.facebook.com\/lumierenoire.art\" \/>\n<meta property=\"article:modified_time\" content=\"2024-05-14T17:44:43+00:00\" \/>\n<meta property=\"og:image\" content=\"https:\/\/lumierenoire.art\/wp-content\/uploads\/2020\/01\/header_interfrequences.jpg\" \/>\n\t<meta property=\"og:image:width\" content=\"1620\" \/>\n\t<meta property=\"og:image:height\" content=\"1080\" \/>\n\t<meta property=\"og:image:type\" content=\"image\/jpeg\" \/>\n<meta name=\"twitter:card\" content=\"summary_large_image\" \/>\n<meta name=\"twitter:label1\" content=\"Est. reading time\" \/>\n\t<meta name=\"twitter:data1\" content=\"2 minutes\" \/>\n<script type=\"application\/ld+json\" class=\"yoast-schema-graph\">{\"@context\":\"https:\/\/schema.org\",\"@graph\":[{\"@type\":\"WebPage\",\"@id\":\"https:\/\/lumierenoire.art\/en\/portfolio\/interfrequences\/\",\"url\":\"https:\/\/lumierenoire.art\/en\/portfolio\/interfrequences\/\",\"name\":\"Installation performative et recherche &#8211; Interfr\u00e9quences &#8211; Lumi\u00e8re Noire\",\"isPartOf\":{\"@id\":\"https:\/\/lumierenoire.art\/en\/#website\"},\"primaryImageOfPage\":{\"@id\":\"https:\/\/lumierenoire.art\/en\/portfolio\/interfrequences\/#primaryimage\"},\"image\":{\"@id\":\"https:\/\/lumierenoire.art\/en\/portfolio\/interfrequences\/#primaryimage\"},\"thumbnailUrl\":\"https:\/\/lumierenoire.art\/wp-content\/uploads\/2020\/01\/header_interfrequences.jpg\",\"datePublished\":\"2020-03-06T01:47:04+00:00\",\"dateModified\":\"2024-05-14T17:44:43+00:00\",\"description\":\"Interfr\u00e9quences est une installation performative et une recherche sur l\u2019image et le mouvement. Projet multidisciplinaire inspir\u00e9 des th\u00e9ories de Jean Baudrillard, Carl Gustave Jung et Sigmund Freud.\",\"breadcrumb\":{\"@id\":\"https:\/\/lumierenoire.art\/en\/portfolio\/interfrequences\/#breadcrumb\"},\"inLanguage\":\"en-US\",\"potentialAction\":[{\"@type\":\"ReadAction\",\"target\":[\"https:\/\/lumierenoire.art\/en\/portfolio\/interfrequences\/\"]}]},{\"@type\":\"ImageObject\",\"inLanguage\":\"en-US\",\"@id\":\"https:\/\/lumierenoire.art\/en\/portfolio\/interfrequences\/#primaryimage\",\"url\":\"https:\/\/lumierenoire.art\/wp-content\/uploads\/2020\/01\/header_interfrequences.jpg\",\"contentUrl\":\"https:\/\/lumierenoire.art\/wp-content\/uploads\/2020\/01\/header_interfrequences.jpg\",\"width\":1620,\"height\":1080,\"caption\":\"Interfr\u00e9quences\"},{\"@type\":\"BreadcrumbList\",\"@id\":\"https:\/\/lumierenoire.art\/en\/portfolio\/interfrequences\/#breadcrumb\",\"itemListElement\":[{\"@type\":\"ListItem\",\"position\":1,\"name\":\"Accueil\",\"item\":\"https:\/\/lumierenoire.art\/en\/\"},{\"@type\":\"ListItem\",\"position\":2,\"name\":\"Interfr\u00e9quences\"}]},{\"@type\":\"WebSite\",\"@id\":\"https:\/\/lumierenoire.art\/en\/#website\",\"url\":\"https:\/\/lumierenoire.art\/en\/\",\"name\":\"Lumi\u00e8re Noire\",\"description\":\"\",\"publisher\":{\"@id\":\"https:\/\/lumierenoire.art\/en\/#\/schema\/person\/56d3556e99074dc55833ced2c59631ad\"},\"potentialAction\":[{\"@type\":\"SearchAction\",\"target\":{\"@type\":\"EntryPoint\",\"urlTemplate\":\"https:\/\/lumierenoire.art\/en\/?s={search_term_string}\"},\"query-input\":{\"@type\":\"PropertyValueSpecification\",\"valueRequired\":true,\"valueName\":\"search_term_string\"}}],\"inLanguage\":\"en-US\"},{\"@type\":[\"Person\",\"Organization\"],\"@id\":\"https:\/\/lumierenoire.art\/en\/#\/schema\/person\/56d3556e99074dc55833ced2c59631ad\",\"name\":\"Tanya Dolbec\",\"image\":{\"@type\":\"ImageObject\",\"inLanguage\":\"en-US\",\"@id\":\"https:\/\/lumierenoire.art\/en\/#\/schema\/person\/image\/\",\"url\":\"https:\/\/lumierenoire.art\/wp-content\/uploads\/2020\/01\/logo_light.png\",\"contentUrl\":\"https:\/\/lumierenoire.art\/wp-content\/uploads\/2020\/01\/logo_light.png\",\"width\":227,\"height\":60,\"caption\":\"Tanya Dolbec\"},\"logo\":{\"@id\":\"https:\/\/lumierenoire.art\/en\/#\/schema\/person\/image\/\"},\"sameAs\":[\"https:\/\/lumierenoire.art\",\"https:\/\/www.facebook.com\/lumierenoire.art\",\"https:\/\/www.instagram.com\/tanyadolbec\/\"]}]}<\/script>\n<!-- \/ Yoast SEO plugin. -->","yoast_head_json":{"title":"Installation performative et recherche &#8211; Interfr\u00e9quences &#8211; Lumi\u00e8re Noire","description":"Interfr\u00e9quences est une installation performative et une recherche sur l\u2019image et le mouvement. Projet multidisciplinaire inspir\u00e9 des th\u00e9ories de Jean Baudrillard, Carl Gustave Jung et Sigmund Freud.","robots":{"index":"index","follow":"follow","max-snippet":"max-snippet:-1","max-image-preview":"max-image-preview:large","max-video-preview":"max-video-preview:-1"},"canonical":"https:\/\/lumierenoire.art\/en\/portfolio\/interfrequences\/","og_locale":"en_US","og_type":"article","og_title":"Installation performative et recherche &#8211; Interfr\u00e9quences &#8211; Lumi\u00e8re Noire","og_description":"Interfr\u00e9quences est une installation performative et une recherche sur l\u2019image et le mouvement. Projet multidisciplinaire inspir\u00e9 des th\u00e9ories de Jean Baudrillard, Carl Gustave Jung et Sigmund Freud.","og_url":"https:\/\/lumierenoire.art\/en\/portfolio\/interfrequences\/","og_site_name":"Lumi\u00e8re Noire","article_publisher":"https:\/\/www.facebook.com\/lumierenoire.art","article_modified_time":"2024-05-14T17:44:43+00:00","og_image":[{"width":1620,"height":1080,"url":"https:\/\/lumierenoire.art\/wp-content\/uploads\/2020\/01\/header_interfrequences.jpg","type":"image\/jpeg"}],"twitter_card":"summary_large_image","twitter_misc":{"Est. reading time":"2 minutes"},"schema":{"@context":"https:\/\/schema.org","@graph":[{"@type":"WebPage","@id":"https:\/\/lumierenoire.art\/en\/portfolio\/interfrequences\/","url":"https:\/\/lumierenoire.art\/en\/portfolio\/interfrequences\/","name":"Installation performative et recherche &#8211; Interfr\u00e9quences &#8211; Lumi\u00e8re Noire","isPartOf":{"@id":"https:\/\/lumierenoire.art\/en\/#website"},"primaryImageOfPage":{"@id":"https:\/\/lumierenoire.art\/en\/portfolio\/interfrequences\/#primaryimage"},"image":{"@id":"https:\/\/lumierenoire.art\/en\/portfolio\/interfrequences\/#primaryimage"},"thumbnailUrl":"https:\/\/lumierenoire.art\/wp-content\/uploads\/2020\/01\/header_interfrequences.jpg","datePublished":"2020-03-06T01:47:04+00:00","dateModified":"2024-05-14T17:44:43+00:00","description":"Interfr\u00e9quences est une installation performative et une recherche sur l\u2019image et le mouvement. Projet multidisciplinaire inspir\u00e9 des th\u00e9ories de Jean Baudrillard, Carl Gustave Jung et Sigmund Freud.","breadcrumb":{"@id":"https:\/\/lumierenoire.art\/en\/portfolio\/interfrequences\/#breadcrumb"},"inLanguage":"en-US","potentialAction":[{"@type":"ReadAction","target":["https:\/\/lumierenoire.art\/en\/portfolio\/interfrequences\/"]}]},{"@type":"ImageObject","inLanguage":"en-US","@id":"https:\/\/lumierenoire.art\/en\/portfolio\/interfrequences\/#primaryimage","url":"https:\/\/lumierenoire.art\/wp-content\/uploads\/2020\/01\/header_interfrequences.jpg","contentUrl":"https:\/\/lumierenoire.art\/wp-content\/uploads\/2020\/01\/header_interfrequences.jpg","width":1620,"height":1080,"caption":"Interfr\u00e9quences"},{"@type":"BreadcrumbList","@id":"https:\/\/lumierenoire.art\/en\/portfolio\/interfrequences\/#breadcrumb","itemListElement":[{"@type":"ListItem","position":1,"name":"Accueil","item":"https:\/\/lumierenoire.art\/en\/"},{"@type":"ListItem","position":2,"name":"Interfr\u00e9quences"}]},{"@type":"WebSite","@id":"https:\/\/lumierenoire.art\/en\/#website","url":"https:\/\/lumierenoire.art\/en\/","name":"Lumi\u00e8re Noire","description":"","publisher":{"@id":"https:\/\/lumierenoire.art\/en\/#\/schema\/person\/56d3556e99074dc55833ced2c59631ad"},"potentialAction":[{"@type":"SearchAction","target":{"@type":"EntryPoint","urlTemplate":"https:\/\/lumierenoire.art\/en\/?s={search_term_string}"},"query-input":{"@type":"PropertyValueSpecification","valueRequired":true,"valueName":"search_term_string"}}],"inLanguage":"en-US"},{"@type":["Person","Organization"],"@id":"https:\/\/lumierenoire.art\/en\/#\/schema\/person\/56d3556e99074dc55833ced2c59631ad","name":"Tanya Dolbec","image":{"@type":"ImageObject","inLanguage":"en-US","@id":"https:\/\/lumierenoire.art\/en\/#\/schema\/person\/image\/","url":"https:\/\/lumierenoire.art\/wp-content\/uploads\/2020\/01\/logo_light.png","contentUrl":"https:\/\/lumierenoire.art\/wp-content\/uploads\/2020\/01\/logo_light.png","width":227,"height":60,"caption":"Tanya Dolbec"},"logo":{"@id":"https:\/\/lumierenoire.art\/en\/#\/schema\/person\/image\/"},"sameAs":["https:\/\/lumierenoire.art","https:\/\/www.facebook.com\/lumierenoire.art","https:\/\/www.instagram.com\/tanyadolbec\/"]}]}},"_links":{"self":[{"href":"https:\/\/lumierenoire.art\/en\/wp-json\/wp\/v2\/match_portfolio\/1112","targetHints":{"allow":["GET"]}}],"collection":[{"href":"https:\/\/lumierenoire.art\/en\/wp-json\/wp\/v2\/match_portfolio"}],"about":[{"href":"https:\/\/lumierenoire.art\/en\/wp-json\/wp\/v2\/types\/match_portfolio"}],"version-history":[{"count":0,"href":"https:\/\/lumierenoire.art\/en\/wp-json\/wp\/v2\/match_portfolio\/1112\/revisions"}],"wp:featuredmedia":[{"embeddable":true,"href":"https:\/\/lumierenoire.art\/en\/wp-json\/wp\/v2\/media\/1161"}],"wp:attachment":[{"href":"https:\/\/lumierenoire.art\/en\/wp-json\/wp\/v2\/media?parent=1112"}],"wp:term":[{"taxonomy":"section","embeddable":true,"href":"https:\/\/lumierenoire.art\/en\/wp-json\/wp\/v2\/section?post=1112"}],"curies":[{"name":"wp","href":"https:\/\/api.w.org\/{rel}","templated":true}]}}